{"id":6738,"date":"2024-11-04T18:30:03","date_gmt":"2024-11-04T17:30:03","guid":{"rendered":"https:\/\/www.txantxangorri.info\/?page_id=6738"},"modified":"2024-11-04T18:46:05","modified_gmt":"2024-11-04T17:46:05","slug":"inicio-2","status":"publish","type":"page","link":"https:\/\/www.txantxangorri.info\/es\/inicio-2\/","title":{"rendered":"Inicio"},"content":{"rendered":"<div class=\"wpb-content-wrapper\"><p>[vc_row css_animation=\u00bb\u00bb row_type=\u00bbrow\u00bb use_row_as_full_screen_section=\u00bbno\u00bb type=\u00bbfull_width\u00bb angled_section=\u00bbno\u00bb text_align=\u00bbleft\u00bb background_image_as_pattern=\u00bbwithout_pattern\u00bb][vc_column]<div class=\"qode-news-holder qode-slider1 qode-nl-no-space\"  data-post-status=publish data-category-name=nabarmendua data-ignore-sticky-posts=1 data-posts-per-page=6 data-paged=1 data-max-num-pages=31 data-next-page=2 data-title-tag=h1 data-image-size=custom data-custom-image-width=1920 data-custom-image-height=807 data-display-categories=yes data-display-excerpt=yes data-excerpt-length=19 data-date-format=difference data-display-share=yes data-layout=qode_slider1 data-content-in-grid=yes ><div class=\"qode-news-list-inner-holder qode-slider1-owl qode-owl-slider-style\" data-number-of-items=\"1\">\n<div class=\"qode-news-item qode-slider1-item qode-slider-size-landscape\" data-thumb-url=\"https:\/\/www.txantxangorri.info\/wp-content\/uploads\/2026\/04\/TX159-Unai-150x150.jpg\" data-date=\"2 semanas hace\">\n\t<div class=\"qode-news-item-image-holder\" style=\"background-image: url(https:\/\/www.txantxangorri.info\/wp-content\/uploads\/2026\/04\/TX159-Unai.jpg)\"><\/div>\n\t<div class=\"qode-ni-content\">\n\t\t\t\t\t<div class=\"container_inner\">\n\t\t\t\t\t\t<div class=\"qode-ni-content-table\" >\n\t\t\t\t\t<div class=\"qode-ni-content-table-cell\">\n\t\t\t\t\t\t\t\t\t\t\t\t\t<div class=\"qode-ni-info-top-holder\">\n\t\t\t\t\t\t\t\t<div class=\"qode-ni-info qode-ni-info-top\">\n\t\t\t\t\t\t\t\t\t\t<div class=\"qode-post-info-category\">\n\t\t<a href=\"https:\/\/www.txantxangorri.info\/es\/.\/deportes\/\"><span class=\"qode-category-name\" >Deportes <\/span><\/a><a href=\"https:\/\/www.txantxangorri.info\/es\/.\/destacado\/\"><span class=\"qode-category-name\" >Destacado <\/span><\/a>\t<\/div>\n\t\t\t\t\t\t\t\t<\/div>\n\t\t\t\t\t\t\t<\/div>\n\t\t\t\t\t\t\t\t\t\t\t\t\t<div class=\"qode-ni-title-holder\">\n\t\t\t\t\t\t\t\t\n<h1 itemprop=\"name\" class=\"entry-title qode-post-title\">\n    <a itemprop=\"url\" href=\"https:\/\/www.txantxangorri.info\/es\/unai-etxeberria-piloto-carreras\/\" title=\"Unai Etxeberria: \u00abTanto ver y ver, ha llegado la hora de hacer algo\u00bb\">\n        Unai Etxeberria: \u00abTanto ver y ver, ha llegado la hora de hacer algo\u00bb    <\/a>\n<\/h1>\t\t\t\t\t\t\t<\/div>\n\t\t\t\t\t\t\t\t\t\t\t\t\n\n        <div class=\"qode-post-excerpt-holder\">\n            Unai Etxeberria ha pasado de ser espectador de carreras de coches a ser piloto en apenas seis meses. A        <\/div>\n\n\t\t\t\t\t\t\t    <div class=\"qode-blog-share\">\n        <div class=\"blog_share qode_share\"><div class=\"social_share_holder\"><a href=\"javascript:void(0)\" target=\"_self\"><i class=\"social_share social_share_icon\"><\/i><\/a><div class=\"social_share_dropdown\"><div class=\"inner_arrow\"><\/div><ul><li class=\"facebook_share\"><a href=\"javascript:void(0)\" onclick=\"window.open('https:\/\/www.facebook.com\/sharer.php?u=https:\/\/www.txantxangorri.info\/es\/unai-etxeberria-piloto-carreras\/', 'sharer', 'toolbar=0,status=0,width=620,height=280');\"><i class=\"fa fa-facebook\"><\/i><\/a><\/li><li class=\"twitter_share\"><a href=\"#\" onclick=\"popUp=window.open('https:\/\/twitter.com\/intent\/tweet?text=http:\/\/Unai%20Etxeberria%20ha%20pasado%20de%20ser%20espectador%20de%20carreras%20de%20coches%20a%20ser%20piloto%20en%20apenas%20seis%20meses.%20A%20sus%20diecinueve%20https:\/\/www.txantxangorri.info\/es\/unai-etxeberria-piloto-carreras\/', 'popupwindow', 'scrollbars=yes,width=800,height=400');popUp.focus();return false;\"><i class=\"fa fa-twitter\"><\/i><\/a><\/li><li class=\"linkedin_share\"><a href=\"#\" onclick=\"popUp=window.open('https:\/\/linkedin.com\/shareArticle?mini=true&amp;url=https:\/\/www.txantxangorri.info\/es\/unai-etxeberria-piloto-carreras\/&amp;title=', 'popupwindow', 'scrollbars=yes,width=800,height=400');popUp.focus();return false\"><i class=\"fa fa-linkedin\"><\/i><\/a><\/li><li class=\"pinterest_share\"><a href=\"#\" onclick=\"popUp=window.open('https:\/\/pinterest.com\/pin\/create\/button\/?url=https:\/\/www.txantxangorri.info\/es\/unai-etxeberria-piloto-carreras\/&amp;description=Unai Etxeberria: \u00abTanto ver y ver, ha llegado la hora de hacer algo\u00bb&amp;media=https:\/\/www.txantxangorri.info\/wp-content\/uploads\/2026\/04\/TX159-Unai.jpg', 'popupwindow', 'scrollbars=yes,width=800,height=400');popUp.focus();return false\"><i class=\"fa fa-pinterest\"><\/i><\/a><\/li><\/ul><\/div><\/div><\/div>    <\/div>\n\t\t\t\t\t<\/div>\n\t\t\t\t<\/div>\n\t\t\t\t\t<\/div>\n\t\t\t<\/div>\n<\/div>\n<div class=\"qode-news-item qode-slider1-item qode-slider-size-landscape\" data-thumb-url=\"https:\/\/www.txantxangorri.info\/wp-content\/uploads\/2026\/04\/TX159-postales-150x150.jpg\" data-date=\"3 semanas hace\">\n\t<div class=\"qode-news-item-image-holder\" style=\"background-image: url(https:\/\/www.txantxangorri.info\/wp-content\/uploads\/2026\/04\/TX159-postales.jpg)\"><\/div>\n\t<div class=\"qode-ni-content\">\n\t\t\t\t\t<div class=\"container_inner\">\n\t\t\t\t\t\t<div class=\"qode-ni-content-table\" >\n\t\t\t\t\t<div class=\"qode-ni-content-table-cell\">\n\t\t\t\t\t\t\t\t\t\t\t\t\t<div class=\"qode-ni-info-top-holder\">\n\t\t\t\t\t\t\t\t<div class=\"qode-ni-info qode-ni-info-top\">\n\t\t\t\t\t\t\t\t\t\t<div class=\"qode-post-info-category\">\n\t\t<a href=\"https:\/\/www.txantxangorri.info\/es\/.\/cultura\/\"><span class=\"qode-category-name\" >Cultura <\/span><\/a><a href=\"https:\/\/www.txantxangorri.info\/es\/.\/destacado\/\"><span class=\"qode-category-name\" >Destacado <\/span><\/a>\t<\/div>\n\t\t\t\t\t\t\t\t<\/div>\n\t\t\t\t\t\t\t<\/div>\n\t\t\t\t\t\t\t\t\t\t\t\t\t<div class=\"qode-ni-title-holder\">\n\t\t\t\t\t\t\t\t\n<h1 itemprop=\"name\" class=\"entry-title qode-post-title\">\n    <a itemprop=\"url\" href=\"https:\/\/www.txantxangorri.info\/es\/coleccion-de-postales-del-pais-vasco\/\" title=\"Una de las mayores colecciones de postales del Pa\u00eds Vasco\">\n        Una de las mayores colecciones de postales del Pa\u00eds Vasco    <\/a>\n<\/h1>\t\t\t\t\t\t\t<\/div>\n\t\t\t\t\t\t\t\t\t\t\t\t\n\n        <div class=\"qode-post-excerpt-holder\">\n            Ces\u00e1reo Ugarte Azkarate naci\u00f3 en Beasain el 25\/8\/1946. Me asegura que, con apenas 16 a\u00f1os, ya se dio cuenta        <\/div>\n\n\t\t\t\t\t\t\t    <div class=\"qode-blog-share\">\n        <div class=\"blog_share qode_share\"><div class=\"social_share_holder\"><a href=\"javascript:void(0)\" target=\"_self\"><i class=\"social_share social_share_icon\"><\/i><\/a><div class=\"social_share_dropdown\"><div class=\"inner_arrow\"><\/div><ul><li class=\"facebook_share\"><a href=\"javascript:void(0)\" onclick=\"window.open('https:\/\/www.facebook.com\/sharer.php?u=https:\/\/www.txantxangorri.info\/es\/coleccion-de-postales-del-pais-vasco\/', 'sharer', 'toolbar=0,status=0,width=620,height=280');\"><i class=\"fa fa-facebook\"><\/i><\/a><\/li><li class=\"twitter_share\"><a href=\"#\" onclick=\"popUp=window.open('https:\/\/twitter.com\/intent\/tweet?text=http:\/\/Ces\u00e1reo%20Ugarte%20Azkarate%20naci\u00f3%20en%20Beasain%20el%2025\/8\/1946.%20Me%20asegura%20que,%20con%20apenas%2016%20a\u00f1os,%20ya%20se%20dio%20cuenta%20en%20Par\u00eds%20https:\/\/www.txantxangorri.info\/es\/coleccion-de-postales-del-pais-vasco\/', 'popupwindow', 'scrollbars=yes,width=800,height=400');popUp.focus();return false;\"><i class=\"fa fa-twitter\"><\/i><\/a><\/li><li class=\"linkedin_share\"><a href=\"#\" onclick=\"popUp=window.open('https:\/\/linkedin.com\/shareArticle?mini=true&amp;url=https:\/\/www.txantxangorri.info\/es\/coleccion-de-postales-del-pais-vasco\/&amp;title=http:\/\/Una%20de%20las%20mayores%20colecciones%20de%20postales%20del%20Pa\u00eds%20Vasco', 'popupwindow', 'scrollbars=yes,width=800,height=400');popUp.focus();return false\"><i class=\"fa fa-linkedin\"><\/i><\/a><\/li><li class=\"pinterest_share\"><a href=\"#\" onclick=\"popUp=window.open('https:\/\/pinterest.com\/pin\/create\/button\/?url=https:\/\/www.txantxangorri.info\/es\/coleccion-de-postales-del-pais-vasco\/&amp;description=Una de las mayores colecciones de postales del Pa\u00eds Vasco&amp;media=https:\/\/www.txantxangorri.info\/wp-content\/uploads\/2026\/04\/TX159-postales.jpg', 'popupwindow', 'scrollbars=yes,width=800,height=400');popUp.focus();return false\"><i class=\"fa fa-pinterest\"><\/i><\/a><\/li><\/ul><\/div><\/div><\/div>    <\/div>\n\t\t\t\t\t<\/div>\n\t\t\t\t<\/div>\n\t\t\t\t\t<\/div>\n\t\t\t<\/div>\n<\/div>\n<div class=\"qode-news-item qode-slider1-item qode-slider-size-landscape\" data-thumb-url=\"https:\/\/www.txantxangorri.info\/wp-content\/uploads\/2026\/03\/TX158-Mates-150x150.jpg\" data-date=\"2 meses hace\">\n\t<div class=\"qode-news-item-image-holder\" style=\"background-image: url(https:\/\/www.txantxangorri.info\/wp-content\/uploads\/2026\/03\/TX158-Mates.jpg)\"><\/div>\n\t<div class=\"qode-ni-content\">\n\t\t\t\t\t<div class=\"container_inner\">\n\t\t\t\t\t\t<div class=\"qode-ni-content-table\" >\n\t\t\t\t\t<div class=\"qode-ni-content-table-cell\">\n\t\t\t\t\t\t\t\t\t\t\t\t\t<div class=\"qode-ni-info-top-holder\">\n\t\t\t\t\t\t\t\t<div class=\"qode-ni-info qode-ni-info-top\">\n\t\t\t\t\t\t\t\t\t\t<div class=\"qode-post-info-category\">\n\t\t<a href=\"https:\/\/www.txantxangorri.info\/es\/.\/cultura\/\"><span class=\"qode-category-name\" >Cultura <\/span><\/a><a href=\"https:\/\/www.txantxangorri.info\/es\/.\/destacado\/\"><span class=\"qode-category-name\" >Destacado <\/span><\/a>\t<\/div>\n\t\t\t\t\t\t\t\t<\/div>\n\t\t\t\t\t\t\t<\/div>\n\t\t\t\t\t\t\t\t\t\t\t\t\t<div class=\"qode-ni-title-holder\">\n\t\t\t\t\t\t\t\t\n<h1 itemprop=\"name\" class=\"entry-title qode-post-title\">\n    <a itemprop=\"url\" href=\"https:\/\/www.txantxangorri.info\/es\/mate-plaza-matematicas-practicas\/\" title=\"\u2018Mate-plaza\u2019, matem\u00e1ticas pr\u00e1cticas en la calle\">\n        \u2018Mate-plaza\u2019, matem\u00e1ticas pr\u00e1cticas en la calle    <\/a>\n<\/h1>\t\t\t\t\t\t\t<\/div>\n\t\t\t\t\t\t\t\t\t\t\t\t\n\n        <div class=\"qode-post-excerpt-holder\">\n            Los miembros de Lemniskata Zientzia Elkartea acercaron a la calle las matem\u00e1ticas jugando        <\/div>\n\n\t\t\t\t\t\t\t    <div class=\"qode-blog-share\">\n        <div class=\"blog_share qode_share\"><div class=\"social_share_holder\"><a href=\"javascript:void(0)\" target=\"_self\"><i class=\"social_share social_share_icon\"><\/i><\/a><div class=\"social_share_dropdown\"><div class=\"inner_arrow\"><\/div><ul><li class=\"facebook_share\"><a href=\"javascript:void(0)\" onclick=\"window.open('https:\/\/www.facebook.com\/sharer.php?u=https:\/\/www.txantxangorri.info\/es\/mate-plaza-matematicas-practicas\/', 'sharer', 'toolbar=0,status=0,width=620,height=280');\"><i class=\"fa fa-facebook\"><\/i><\/a><\/li><li class=\"twitter_share\"><a href=\"#\" onclick=\"popUp=window.open('https:\/\/twitter.com\/intent\/tweet?text=http:\/\/Los%20miembros%20de%20Lemniskata%20Zientzia%20Elkartea%20acercaron%20a%20la%20calle%20las%20matem\u00e1ticas%20jugandohttps:\/\/www.txantxangorri.info\/es\/mate-plaza-matematicas-practicas\/', 'popupwindow', 'scrollbars=yes,width=800,height=400');popUp.focus();return false;\"><i class=\"fa fa-twitter\"><\/i><\/a><\/li><li class=\"linkedin_share\"><a href=\"#\" onclick=\"popUp=window.open('https:\/\/linkedin.com\/shareArticle?mini=true&amp;url=https:\/\/www.txantxangorri.info\/es\/mate-plaza-matematicas-practicas\/&amp;title=http:\/\/\u2018Mate-plaza\u2019,%20matem\u00e1ticas%20pr\u00e1cticas%20en%20la%20calle', 'popupwindow', 'scrollbars=yes,width=800,height=400');popUp.focus();return false\"><i class=\"fa fa-linkedin\"><\/i><\/a><\/li><li class=\"pinterest_share\"><a href=\"#\" onclick=\"popUp=window.open('https:\/\/pinterest.com\/pin\/create\/button\/?url=https:\/\/www.txantxangorri.info\/es\/mate-plaza-matematicas-practicas\/&amp;description=\u2018Mate-plaza\u2019, matem\u00e1ticas pr\u00e1cticas en la calle&amp;media=https:\/\/www.txantxangorri.info\/wp-content\/uploads\/2026\/03\/TX158-Mates.jpg', 'popupwindow', 'scrollbars=yes,width=800,height=400');popUp.focus();return false\"><i class=\"fa fa-pinterest\"><\/i><\/a><\/li><\/ul><\/div><\/div><\/div>    <\/div>\n\t\t\t\t\t<\/div>\n\t\t\t\t<\/div>\n\t\t\t\t\t<\/div>\n\t\t\t<\/div>\n<\/div>\n<div class=\"qode-news-item qode-slider1-item qode-slider-size-landscape\" data-thumb-url=\"https:\/\/www.txantxangorri.info\/wp-content\/uploads\/2026\/03\/TX158-Minerales-150x150.jpg\" data-date=\"2 meses hace\">\n\t<div class=\"qode-news-item-image-holder\" style=\"background-image: url(https:\/\/www.txantxangorri.info\/wp-content\/uploads\/2026\/03\/TX158-Minerales.jpg)\"><\/div>\n\t<div class=\"qode-ni-content\">\n\t\t\t\t\t<div class=\"container_inner\">\n\t\t\t\t\t\t<div class=\"qode-ni-content-table\" >\n\t\t\t\t\t<div class=\"qode-ni-content-table-cell\">\n\t\t\t\t\t\t\t\t\t\t\t\t\t<div class=\"qode-ni-info-top-holder\">\n\t\t\t\t\t\t\t\t<div class=\"qode-ni-info qode-ni-info-top\">\n\t\t\t\t\t\t\t\t\t\t<div class=\"qode-post-info-category\">\n\t\t<a href=\"https:\/\/www.txantxangorri.info\/es\/.\/cultura\/\"><span class=\"qode-category-name\" >Cultura <\/span><\/a><a href=\"https:\/\/www.txantxangorri.info\/es\/.\/destacado\/\"><span class=\"qode-category-name\" >Destacado <\/span><\/a>\t<\/div>\n\t\t\t\t\t\t\t\t<\/div>\n\t\t\t\t\t\t\t<\/div>\n\t\t\t\t\t\t\t\t\t\t\t\t\t<div class=\"qode-ni-title-holder\">\n\t\t\t\t\t\t\t\t\n<h1 itemprop=\"name\" class=\"entry-title qode-post-title\">\n    <a itemprop=\"url\" href=\"https:\/\/www.txantxangorri.info\/es\/aguado-sociedad-mineria-del-hierro\/\" title=\"Francisco Javier Aguado: \u00abNuestra sociedad se ha desarrollado por la miner\u00eda del hierro\u00bb\">\n        Francisco Javier Aguado: \u00abNuestra sociedad se ha desarrollado por la miner\u00eda del hierro\u00bb    <\/a>\n<\/h1>\t\t\t\t\t\t\t<\/div>\n\t\t\t\t\t\t\t\t\t\t\t\t\n\n        <div class=\"qode-post-excerpt-holder\">\n            A partir de la colecci\u00f3n de Nicasio Aguado, se cre\u00f3 el Museo Urrelur,\u00a0que d\u00e1 a conocer los secretos de        <\/div>\n\n\t\t\t\t\t\t\t    <div class=\"qode-blog-share\">\n        <div class=\"blog_share qode_share\"><div class=\"social_share_holder\"><a href=\"javascript:void(0)\" target=\"_self\"><i class=\"social_share social_share_icon\"><\/i><\/a><div class=\"social_share_dropdown\"><div class=\"inner_arrow\"><\/div><ul><li class=\"facebook_share\"><a href=\"javascript:void(0)\" onclick=\"window.open('https:\/\/www.facebook.com\/sharer.php?u=https:\/\/www.txantxangorri.info\/es\/aguado-sociedad-mineria-del-hierro\/', 'sharer', 'toolbar=0,status=0,width=620,height=280');\"><i class=\"fa fa-facebook\"><\/i><\/a><\/li><li class=\"twitter_share\"><a href=\"#\" onclick=\"popUp=window.open('https:\/\/twitter.com\/intent\/tweet?text=http:\/\/A%20partir%20de%20la%20colecci\u00f3n%20de%20Nicasio%20Aguado,%20se%20cre\u00f3%20el%20Museo%20Urrelur,\u00a0que%20d\u00e1%20a%20conocer%20los%20secretos%20de%20la%20https:\/\/www.txantxangorri.info\/es\/aguado-sociedad-mineria-del-hierro\/', 'popupwindow', 'scrollbars=yes,width=800,height=400');popUp.focus();return false;\"><i class=\"fa fa-twitter\"><\/i><\/a><\/li><li class=\"linkedin_share\"><a href=\"#\" onclick=\"popUp=window.open('https:\/\/linkedin.com\/shareArticle?mini=true&amp;url=https:\/\/www.txantxangorri.info\/es\/aguado-sociedad-mineria-del-hierro\/&amp;title=', 'popupwindow', 'scrollbars=yes,width=800,height=400');popUp.focus();return false\"><i class=\"fa fa-linkedin\"><\/i><\/a><\/li><li class=\"pinterest_share\"><a href=\"#\" onclick=\"popUp=window.open('https:\/\/pinterest.com\/pin\/create\/button\/?url=https:\/\/www.txantxangorri.info\/es\/aguado-sociedad-mineria-del-hierro\/&amp;description=Francisco Javier Aguado: \u00abNuestra sociedad se ha desarrollado por la miner\u00eda del hierro\u00bb&amp;media=https:\/\/www.txantxangorri.info\/wp-content\/uploads\/2026\/03\/TX158-Minerales.jpg', 'popupwindow', 'scrollbars=yes,width=800,height=400');popUp.focus();return false\"><i class=\"fa fa-pinterest\"><\/i><\/a><\/li><\/ul><\/div><\/div><\/div>    <\/div>\n\t\t\t\t\t<\/div>\n\t\t\t\t<\/div>\n\t\t\t\t\t<\/div>\n\t\t\t<\/div>\n<\/div>\n<div class=\"qode-news-item qode-slider1-item qode-slider-size-landscape\" data-thumb-url=\"https:\/\/www.txantxangorri.info\/wp-content\/uploads\/2026\/01\/tx156_Talla-Alex-Reguero-150x150.jpg\" data-date=\"3 meses hace\">\n\t<div class=\"qode-news-item-image-holder\" style=\"background-image: url(https:\/\/www.txantxangorri.info\/wp-content\/uploads\/2026\/01\/tx156_Talla-Alex-Reguero.jpg)\"><\/div>\n\t<div class=\"qode-ni-content\">\n\t\t\t\t\t<div class=\"container_inner\">\n\t\t\t\t\t\t<div class=\"qode-ni-content-table\" >\n\t\t\t\t\t<div class=\"qode-ni-content-table-cell\">\n\t\t\t\t\t\t\t\t\t\t\t\t\t<div class=\"qode-ni-info-top-holder\">\n\t\t\t\t\t\t\t\t<div class=\"qode-ni-info qode-ni-info-top\">\n\t\t\t\t\t\t\t\t\t\t<div class=\"qode-post-info-category\">\n\t\t<a href=\"https:\/\/www.txantxangorri.info\/es\/.\/cultura\/\"><span class=\"qode-category-name\" >Cultura <\/span><\/a><a href=\"https:\/\/www.txantxangorri.info\/es\/.\/destacado\/\"><span class=\"qode-category-name\" >Destacado <\/span><\/a>\t<\/div>\n\t\t\t\t\t\t\t\t<\/div>\n\t\t\t\t\t\t\t<\/div>\n\t\t\t\t\t\t\t\t\t\t\t\t\t<div class=\"qode-ni-title-holder\">\n\t\t\t\t\t\t\t\t\n<h1 itemprop=\"name\" class=\"entry-title qode-post-title\">\n    <a itemprop=\"url\" href=\"https:\/\/www.txantxangorri.info\/es\/alex-reguero-empece-bastones-buscando-ramas\/\" title=\"Alex Reguero: \u00abEmpec\u00e9 haciendo bastones, buscando ramas raras en el monte\u00bb\">\n        Alex Reguero: \u00abEmpec\u00e9 haciendo bastones, buscando ramas raras en el monte\u00bb    <\/a>\n<\/h1>\t\t\t\t\t\t\t<\/div>\n\t\t\t\t\t\t\t\t\t\t\t\t\n\n        <div class=\"qode-post-excerpt-holder\">\n            \u00abHay personas que van al monte a por setas y otros nos vamos fijando en la madera\u00bb, resume Alex        <\/div>\n\n\t\t\t\t\t\t\t    <div class=\"qode-blog-share\">\n        <div class=\"blog_share qode_share\"><div class=\"social_share_holder\"><a href=\"javascript:void(0)\" target=\"_self\"><i class=\"social_share social_share_icon\"><\/i><\/a><div class=\"social_share_dropdown\"><div class=\"inner_arrow\"><\/div><ul><li class=\"facebook_share\"><a href=\"javascript:void(0)\" onclick=\"window.open('https:\/\/www.facebook.com\/sharer.php?u=https:\/\/www.txantxangorri.info\/es\/alex-reguero-empece-bastones-buscando-ramas\/', 'sharer', 'toolbar=0,status=0,width=620,height=280');\"><i class=\"fa fa-facebook\"><\/i><\/a><\/li><li class=\"twitter_share\"><a href=\"#\" onclick=\"popUp=window.open('https:\/\/twitter.com\/intent\/tweet?text=http:\/\/\u00abHay%20personas%20que%20van%20al%20monte%20a%20por%20setas%20y%20otros%20nos%20vamos%20fijando%20en%20la%20madera\u00bb,%20resume%20Alex%20Reguero%20su%20afici\u00f3n%20a%20https:\/\/www.txantxangorri.info\/es\/alex-reguero-empece-bastones-buscando-ramas\/', 'popupwindow', 'scrollbars=yes,width=800,height=400');popUp.focus();return false;\"><i class=\"fa fa-twitter\"><\/i><\/a><\/li><li class=\"linkedin_share\"><a href=\"#\" onclick=\"popUp=window.open('https:\/\/linkedin.com\/shareArticle?mini=true&amp;url=https:\/\/www.txantxangorri.info\/es\/alex-reguero-empece-bastones-buscando-ramas\/&amp;title=', 'popupwindow', 'scrollbars=yes,width=800,height=400');popUp.focus();return false\"><i class=\"fa fa-linkedin\"><\/i><\/a><\/li><li class=\"pinterest_share\"><a href=\"#\" onclick=\"popUp=window.open('https:\/\/pinterest.com\/pin\/create\/button\/?url=https:\/\/www.txantxangorri.info\/es\/alex-reguero-empece-bastones-buscando-ramas\/&amp;description=Alex Reguero: \u00abEmpec\u00e9 haciendo bastones, buscando ramas raras en el monte\u00bb&amp;media=https:\/\/www.txantxangorri.info\/wp-content\/uploads\/2026\/01\/tx156_Talla-Alex-Reguero.jpg', 'popupwindow', 'scrollbars=yes,width=800,height=400');popUp.focus();return false\"><i class=\"fa fa-pinterest\"><\/i><\/a><\/li><\/ul><\/div><\/div><\/div>    <\/div>\n\t\t\t\t\t<\/div>\n\t\t\t\t<\/div>\n\t\t\t\t\t<\/div>\n\t\t\t<\/div>\n<\/div>\n<div class=\"qode-news-item qode-slider1-item qode-slider-size-landscape\" data-thumb-url=\"https:\/\/www.txantxangorri.info\/wp-content\/uploads\/2025\/12\/TX155_Aviacion-150x150.jpg\" data-date=\"4 meses hace\">\n\t<div class=\"qode-news-item-image-holder\" style=\"background-image: url(https:\/\/www.txantxangorri.info\/wp-content\/uploads\/2025\/12\/TX155_Aviacion.jpg)\"><\/div>\n\t<div class=\"qode-ni-content\">\n\t\t\t\t\t<div class=\"container_inner\">\n\t\t\t\t\t\t<div class=\"qode-ni-content-table\" >\n\t\t\t\t\t<div class=\"qode-ni-content-table-cell\">\n\t\t\t\t\t\t\t\t\t\t\t\t\t<div class=\"qode-ni-info-top-holder\">\n\t\t\t\t\t\t\t\t<div class=\"qode-ni-info qode-ni-info-top\">\n\t\t\t\t\t\t\t\t\t\t<div class=\"qode-post-info-category\">\n\t\t<a href=\"https:\/\/www.txantxangorri.info\/es\/.\/cultura\/\"><span class=\"qode-category-name\" >Cultura <\/span><\/a><a href=\"https:\/\/www.txantxangorri.info\/es\/.\/destacado\/\"><span class=\"qode-category-name\" >Destacado <\/span><\/a>\t<\/div>\n\t\t\t\t\t\t\t\t<\/div>\n\t\t\t\t\t\t\t<\/div>\n\t\t\t\t\t\t\t\t\t\t\t\t\t<div class=\"qode-ni-title-holder\">\n\t\t\t\t\t\t\t\t\n<h1 itemprop=\"name\" class=\"entry-title qode-post-title\">\n    <a itemprop=\"url\" href=\"https:\/\/www.txantxangorri.info\/es\/primeros-aterrizajes-gipuzkoa\/\" title=\"Los primeros aterrizajes en Gipuzkoa\">\n        Los primeros aterrizajes en Gipuzkoa    <\/a>\n<\/h1>\t\t\t\t\t\t\t<\/div>\n\t\t\t\t\t\t\t\t\t\t\t\t\n\n        <div class=\"qode-post-excerpt-holder\">\n            Veamos, esa peque\u00f1a gran historia de la aviaci\u00f3n en nuestra provincia, con sus primeros aterrizajes en Gipuzkoa, sabiendo que        <\/div>\n\n\t\t\t\t\t\t\t    <div class=\"qode-blog-share\">\n        <div class=\"blog_share qode_share\"><div class=\"social_share_holder\"><a href=\"javascript:void(0)\" target=\"_self\"><i class=\"social_share social_share_icon\"><\/i><\/a><div class=\"social_share_dropdown\"><div class=\"inner_arrow\"><\/div><ul><li class=\"facebook_share\"><a href=\"javascript:void(0)\" onclick=\"window.open('https:\/\/www.facebook.com\/sharer.php?u=https:\/\/www.txantxangorri.info\/es\/primeros-aterrizajes-gipuzkoa\/', 'sharer', 'toolbar=0,status=0,width=620,height=280');\"><i class=\"fa fa-facebook\"><\/i><\/a><\/li><li class=\"twitter_share\"><a href=\"#\" onclick=\"popUp=window.open('https:\/\/twitter.com\/intent\/tweet?text=http:\/\/Veamos,%20esa%20peque\u00f1a%20gran%20historia%20de%20la%20aviaci\u00f3n%20en%20nuestra%20provincia,%20con%20sus%20primeros%20aterrizajes%20en%20Gipuzkoa,%20https:\/\/www.txantxangorri.info\/es\/primeros-aterrizajes-gipuzkoa\/', 'popupwindow', 'scrollbars=yes,width=800,height=400');popUp.focus();return false;\"><i class=\"fa fa-twitter\"><\/i><\/a><\/li><li class=\"linkedin_share\"><a href=\"#\" onclick=\"popUp=window.open('https:\/\/linkedin.com\/shareArticle?mini=true&amp;url=https:\/\/www.txantxangorri.info\/es\/primeros-aterrizajes-gipuzkoa\/&amp;title=http:\/\/Los%20primeros%20aterrizajes%20en%20Gipuzkoa', 'popupwindow', 'scrollbars=yes,width=800,height=400');popUp.focus();return false\"><i class=\"fa fa-linkedin\"><\/i><\/a><\/li><li class=\"pinterest_share\"><a href=\"#\" onclick=\"popUp=window.open('https:\/\/pinterest.com\/pin\/create\/button\/?url=https:\/\/www.txantxangorri.info\/es\/primeros-aterrizajes-gipuzkoa\/&amp;description=Los primeros aterrizajes en Gipuzkoa&amp;media=https:\/\/www.txantxangorri.info\/wp-content\/uploads\/2025\/12\/TX155_Aviacion.jpg', 'popupwindow', 'scrollbars=yes,width=800,height=400');popUp.focus();return false\"><i class=\"fa fa-pinterest\"><\/i><\/a><\/li><\/ul><\/div><\/div><\/div>    <\/div>\n\t\t\t\t\t<\/div>\n\t\t\t\t<\/div>\n\t\t\t\t\t<\/div>\n\t\t\t<\/div>\n<\/div><\/div><\/div>[\/vc_column][\/vc_row][vc_row css_animation=\u00bb\u00bb row_type=\u00bbrow\u00bb use_row_as_full_screen_section=\u00bbno\u00bb type=\u00bbgrid\u00bb angled_section=\u00bbno\u00bb text_align=\u00bbleft\u00bb background_image_as_pattern=\u00bbwithout_pattern\u00bb css=\u00bb.vc_custom_1503487546160{padding-top: 70px !important;padding-bottom: 50px !important;}\u00bb][vc_column]<div class=\"qode-news-holder qode-post-carousel1 qode-nl-normal-space\"  data-post-status=publish data-ignore-sticky-posts=1 data-paged=1 data-max-num-pages=44 data-next-page=2 data-title-tag=h4 data-image-size=custom data-custom-image-width=310 data-custom-image-height=190 data-display-categories=yes data-display-excerpt=no data-display-date=yes data-date-format=difference data-display-author=no data-display-share=no data-display-hot-trending-icons=yes data-layout=qode_post_carousel1><div class=\"qode-news-list-title-holder\"><h3 class=\"qode-news-layout-title\">\u00daltima hora<\/h3><\/div><div class=\"qode-news-list-inner-holder qode-owl-slider\" data-enable-navigation=\"yes\" data-enable-pagination=\"no\" data-number-of-items=\"4\"><div class=\"qode-news-item qode-layout1-item\">\n\t\t<div class=\"qode-news-item-image-holder\">\n\t\t\t<div class=\"qode-post-image\">\n\t    <a itemprop=\"url\" href=\"https:\/\/www.txantxangorri.info\/es\/txantxangorri-ejemplar-159\/\" title=\"Txantxangorri ejemplar 159\">\n        <img decoding=\"async\" src=\"https:\/\/www.txantxangorri.info\/wp-content\/uploads\/2026\/04\/TX159-portada-310x190.jpg\" alt=\"Txantxangorri 159. alea | Txantxangorri ejemplar 159\" width=\"310\" height=\"190\" title=\"\">\t    <\/a>\n\t<\/div>\n        <div class=\"qode-news-image-info-holder-left\">\n\t\t\t        <\/div>\n        <div class=\"qode-news-image-info-holder-right\">\n\t\t\t\t\t<\/div>\n\t<\/div>\n    \t<div class=\"qode-ni-content\">\n        \t<div class=\"qode-post-info-category\">\n\t\t<a href=\"https:\/\/www.txantxangorri.info\/es\/.\/en-papel\/\"><span class=\"qode-category-name\" >En papel <\/span><\/a>\t<\/div>\n\t\t\n<h4 itemprop=\"name\" class=\"entry-title qode-post-title\">\n    <a itemprop=\"url\" href=\"https:\/\/www.txantxangorri.info\/es\/txantxangorri-ejemplar-159\/\" title=\"Txantxangorri ejemplar 159\">\n        Txantxangorri ejemplar 159    <\/a>\n<\/h4>\t\t\t\t\t<div itemprop=\"dateCreated\" class=\"qode-post-info-date entry-date published updated\">\n\t    \t        <a itemprop=\"url\" href=\"https:\/\/www.txantxangorri.info\/es\/2026\/04\/\">\n\t            <i class=\"dripicons-alarm\"><\/i>\n    \t2 semanas hace        <\/a>\n\t    <meta itemprop=\"interactionCount\" content=\"UserComments: 0\"\/>\n\t<\/div>\n        \t<\/div>\n<\/div><div class=\"qode-news-item qode-layout1-item\">\n\t\t<div class=\"qode-news-item-image-holder\">\n\t\t\t<div class=\"qode-post-image\">\n\t    <a itemprop=\"url\" href=\"https:\/\/www.txantxangorri.info\/es\/unai-etxeberria-piloto-carreras\/\" title=\"Unai Etxeberria: \u00abTanto ver y ver, ha llegado la hora de hacer algo\u00bb\">\n        <img decoding=\"async\" src=\"https:\/\/www.txantxangorri.info\/wp-content\/uploads\/2026\/04\/TX159-Unai-310x190.jpg\" alt=\"Unai etxeberria bere kotxearekin \" width=\"310\" height=\"190\" title=\"\">\t    <\/a>\n\t<\/div>\n        <div class=\"qode-news-image-info-holder-left\">\n\t\t\t        <\/div>\n        <div class=\"qode-news-image-info-holder-right\">\n\t\t\t\t\t<\/div>\n\t<\/div>\n    \t<div class=\"qode-ni-content\">\n        \t<div class=\"qode-post-info-category\">\n\t\t<a href=\"https:\/\/www.txantxangorri.info\/es\/.\/deportes\/\"><span class=\"qode-category-name\" >Deportes <\/span><\/a><a href=\"https:\/\/www.txantxangorri.info\/es\/.\/destacado\/\"><span class=\"qode-category-name\" >Destacado <\/span><\/a>\t<\/div>\n\t\t\n<h4 itemprop=\"name\" class=\"entry-title qode-post-title\">\n    <a itemprop=\"url\" href=\"https:\/\/www.txantxangorri.info\/es\/unai-etxeberria-piloto-carreras\/\" title=\"Unai Etxeberria: \u00abTanto ver y ver, ha llegado la hora de hacer algo\u00bb\">\n        Unai Etxeberria: \u00abTanto ver y ver, ha llegado la hora de hacer algo\u00bb    <\/a>\n<\/h4>\t\t\t\t\t<div itemprop=\"dateCreated\" class=\"qode-post-info-date entry-date published updated\">\n\t    \t        <a itemprop=\"url\" href=\"https:\/\/www.txantxangorri.info\/es\/2026\/04\/\">\n\t            <i class=\"dripicons-alarm\"><\/i>\n    \t2 semanas hace        <\/a>\n\t    <meta itemprop=\"interactionCount\" content=\"UserComments: 0\"\/>\n\t<\/div>\n        \t<\/div>\n<\/div><div class=\"qode-news-item qode-layout1-item\">\n\t\t<div class=\"qode-news-item-image-holder\">\n\t\t\t<div class=\"qode-post-image\">\n\t    <a itemprop=\"url\" href=\"https:\/\/www.txantxangorri.info\/es\/coleccion-de-postales-del-pais-vasco\/\" title=\"Una de las mayores colecciones de postales del Pa\u00eds Vasco\">\n        <img decoding=\"async\" src=\"https:\/\/www.txantxangorri.info\/wp-content\/uploads\/2026\/04\/TX159-postales-310x190.jpg\" alt=\"Cesareo ugarte con una parte de su colecci\u00f3n de postales\" width=\"310\" height=\"190\" title=\"\">\t    <\/a>\n\t<\/div>\n        <div class=\"qode-news-image-info-holder-left\">\n\t\t\t        <\/div>\n        <div class=\"qode-news-image-info-holder-right\">\n\t\t\t\t\t<\/div>\n\t<\/div>\n    \t<div class=\"qode-ni-content\">\n        \t<div class=\"qode-post-info-category\">\n\t\t<a href=\"https:\/\/www.txantxangorri.info\/es\/.\/cultura\/\"><span class=\"qode-category-name\" >Cultura <\/span><\/a><a href=\"https:\/\/www.txantxangorri.info\/es\/.\/destacado\/\"><span class=\"qode-category-name\" >Destacado <\/span><\/a>\t<\/div>\n\t\t\n<h4 itemprop=\"name\" class=\"entry-title qode-post-title\">\n    <a itemprop=\"url\" href=\"https:\/\/www.txantxangorri.info\/es\/coleccion-de-postales-del-pais-vasco\/\" title=\"Una de las mayores colecciones de postales del Pa\u00eds Vasco\">\n        Una de las mayores colecciones de postales del Pa\u00eds Vasco    <\/a>\n<\/h4>\t\t\t\t\t<div itemprop=\"dateCreated\" class=\"qode-post-info-date entry-date published updated\">\n\t    \t        <a itemprop=\"url\" href=\"https:\/\/www.txantxangorri.info\/es\/2026\/04\/\">\n\t            <i class=\"dripicons-alarm\"><\/i>\n    \t3 semanas hace        <\/a>\n\t    <meta itemprop=\"interactionCount\" content=\"UserComments: 0\"\/>\n\t<\/div>\n        \t<\/div>\n<\/div><div class=\"qode-news-item qode-layout1-item\">\n\t\t<div class=\"qode-news-item-image-holder\">\n\t\t\t<div class=\"qode-post-image\">\n\t    <a itemprop=\"url\" href=\"https:\/\/www.txantxangorri.info\/es\/cazadores-con-alma-cientifica\/\" title=\"Cazadores con alma cient\u00edfica\">\n        <img decoding=\"async\" src=\"https:\/\/www.txantxangorri.info\/wp-content\/uploads\/2026\/04\/TX159-Becada-310x190.jpg\" alt=\"Becada en vuelo. Foto: Club de cazadores de Becadas\" width=\"310\" height=\"190\" title=\"\">\t    <\/a>\n\t<\/div>\n        <div class=\"qode-news-image-info-holder-left\">\n\t\t\t        <\/div>\n        <div class=\"qode-news-image-info-holder-right\">\n\t\t\t\t\t<\/div>\n\t<\/div>\n    \t<div class=\"qode-ni-content\">\n        \t<div class=\"qode-post-info-category\">\n\t\t<a href=\"https:\/\/www.txantxangorri.info\/es\/.\/cultura\/\"><span class=\"qode-category-name\" >Cultura <\/span><\/a><a href=\"https:\/\/www.txantxangorri.info\/es\/.\/medio-ambiente\/\"><span class=\"qode-category-name\" >Medio ambiente <\/span><\/a>\t<\/div>\n\t\t\n<h4 itemprop=\"name\" class=\"entry-title qode-post-title\">\n    <a itemprop=\"url\" href=\"https:\/\/www.txantxangorri.info\/es\/cazadores-con-alma-cientifica\/\" title=\"Cazadores con alma cient\u00edfica\">\n        Cazadores con alma cient\u00edfica    <\/a>\n<\/h4>\t\t\t\t\t<div itemprop=\"dateCreated\" class=\"qode-post-info-date entry-date published updated\">\n\t    \t        <a itemprop=\"url\" href=\"https:\/\/www.txantxangorri.info\/es\/2026\/04\/\">\n\t            <i class=\"dripicons-alarm\"><\/i>\n    \t3 semanas hace        <\/a>\n\t    <meta itemprop=\"interactionCount\" content=\"UserComments: 0\"\/>\n\t<\/div>\n        \t<\/div>\n<\/div><div class=\"qode-news-item qode-layout1-item\">\n\t\t<div class=\"qode-news-item-image-holder\">\n\t\t\t<div class=\"qode-post-image\">\n\t    <a itemprop=\"url\" href=\"https:\/\/www.txantxangorri.info\/es\/primeros-motores-industriales-pais-vasco\/\" title=\"Los primeros motores industriales del Pa\u00eds Vasco\">\n        <img decoding=\"async\" src=\"https:\/\/www.txantxangorri.info\/wp-content\/uploads\/2026\/03\/TX157-Martin-Garcia-310x190.jpg\" alt=\"El motor industrial fabricado por Yeregui. Fotograf\u00eda: Martin Garc\u00eda\" width=\"310\" height=\"190\" title=\"\">\t    <\/a>\n\t<\/div>\n        <div class=\"qode-news-image-info-holder-left\">\n\t\t\t        <\/div>\n        <div class=\"qode-news-image-info-holder-right\">\n\t\t\t\t\t<\/div>\n\t<\/div>\n    \t<div class=\"qode-ni-content\">\n        \t<div class=\"qode-post-info-category\">\n\t\t<a href=\"https:\/\/www.txantxangorri.info\/es\/.\/cultura\/\"><span class=\"qode-category-name\" >Cultura <\/span><\/a>\t<\/div>\n\t\t\n<h4 itemprop=\"name\" class=\"entry-title qode-post-title\">\n    <a itemprop=\"url\" href=\"https:\/\/www.txantxangorri.info\/es\/primeros-motores-industriales-pais-vasco\/\" title=\"Los primeros motores industriales del Pa\u00eds Vasco\">\n        Los primeros motores industriales del Pa\u00eds Vasco    <\/a>\n<\/h4>\t\t\t\t\t<div itemprop=\"dateCreated\" class=\"qode-post-info-date entry-date published updated\">\n\t    \t        <a itemprop=\"url\" href=\"https:\/\/www.txantxangorri.info\/es\/2026\/03\/\">\n\t            <i class=\"dripicons-alarm\"><\/i>\n    \t2 meses hace        <\/a>\n\t    <meta itemprop=\"interactionCount\" content=\"UserComments: 0\"\/>\n\t<\/div>\n        \t<\/div>\n<\/div><div class=\"qode-news-item qode-layout1-item\">\n\t\t<div class=\"qode-news-item-image-holder\">\n\t\t\t<div class=\"qode-post-image\">\n\t    <a itemprop=\"url\" href=\"https:\/\/www.txantxangorri.info\/es\/12-ultras-benat-garcia-fibromialgia\/\" title=\"Los 12 ultras de Be\u00f1at Garc\u00eda por los enfermos de fibromialgia\">\n        <img decoding=\"async\" src=\"https:\/\/www.txantxangorri.info\/wp-content\/uploads\/2026\/03\/TX158-Benat-Garcia-310x190.jpg\" alt=\"Be\u00f1at Garc\u00eda completar\u00e1 1.200 kil\u00f3metros corriendo para dar visibilidad a la fibromialgia, que afecta al 3% de las personas\" width=\"310\" height=\"190\" title=\"\">\t    <\/a>\n\t<\/div>\n        <div class=\"qode-news-image-info-holder-left\">\n\t\t\t        <\/div>\n        <div class=\"qode-news-image-info-holder-right\">\n\t\t\t\t\t<\/div>\n\t<\/div>\n    \t<div class=\"qode-ni-content\">\n        \t<div class=\"qode-post-info-category\">\n\t\t<a href=\"https:\/\/www.txantxangorri.info\/es\/.\/deportes\/\"><span class=\"qode-category-name\" >Deportes <\/span><\/a>\t<\/div>\n\t\t\n<h4 itemprop=\"name\" class=\"entry-title qode-post-title\">\n    <a itemprop=\"url\" href=\"https:\/\/www.txantxangorri.info\/es\/12-ultras-benat-garcia-fibromialgia\/\" title=\"Los 12 ultras de Be\u00f1at Garc\u00eda por los enfermos de fibromialgia\">\n        Los 12 ultras de Be\u00f1at Garc\u00eda por los enfermos de fibromialgia    <\/a>\n<\/h4>\t\t\t\t\t<div itemprop=\"dateCreated\" class=\"qode-post-info-date entry-date published updated\">\n\t    \t        <a itemprop=\"url\" href=\"https:\/\/www.txantxangorri.info\/es\/2026\/03\/\">\n\t            <i class=\"dripicons-alarm\"><\/i>\n    \t2 meses hace        <\/a>\n\t    <meta itemprop=\"interactionCount\" content=\"UserComments: 0\"\/>\n\t<\/div>\n        \t<\/div>\n<\/div><div class=\"qode-news-item qode-layout1-item\">\n\t\t<div class=\"qode-news-item-image-holder\">\n\t\t\t<div class=\"qode-post-image\">\n\t    <a itemprop=\"url\" href=\"https:\/\/www.txantxangorri.info\/es\/mate-plaza-matematicas-practicas\/\" title=\"\u2018Mate-plaza\u2019, matem\u00e1ticas pr\u00e1cticas en la calle\">\n        <img decoding=\"async\" src=\"https:\/\/www.txantxangorri.info\/wp-content\/uploads\/2026\/03\/TX158-Mates-310x190.jpg\" alt=\"Matematicas Leminskata\" width=\"310\" height=\"190\" title=\"\">\t    <\/a>\n\t<\/div>\n        <div class=\"qode-news-image-info-holder-left\">\n\t\t\t        <\/div>\n        <div class=\"qode-news-image-info-holder-right\">\n\t\t\t\t\t<\/div>\n\t<\/div>\n    \t<div class=\"qode-ni-content\">\n        \t<div class=\"qode-post-info-category\">\n\t\t<a href=\"https:\/\/www.txantxangorri.info\/es\/.\/cultura\/\"><span class=\"qode-category-name\" >Cultura <\/span><\/a><a href=\"https:\/\/www.txantxangorri.info\/es\/.\/destacado\/\"><span class=\"qode-category-name\" >Destacado <\/span><\/a>\t<\/div>\n\t\t\n<h4 itemprop=\"name\" class=\"entry-title qode-post-title\">\n    <a itemprop=\"url\" href=\"https:\/\/www.txantxangorri.info\/es\/mate-plaza-matematicas-practicas\/\" title=\"\u2018Mate-plaza\u2019, matem\u00e1ticas pr\u00e1cticas en la calle\">\n        \u2018Mate-plaza\u2019, matem\u00e1ticas pr\u00e1cticas en la calle    <\/a>\n<\/h4>\t\t\t\t\t<div itemprop=\"dateCreated\" class=\"qode-post-info-date entry-date published updated\">\n\t    \t        <a itemprop=\"url\" href=\"https:\/\/www.txantxangorri.info\/es\/2026\/03\/\">\n\t            <i class=\"dripicons-alarm\"><\/i>\n    \t2 meses hace        <\/a>\n\t    <meta itemprop=\"interactionCount\" content=\"UserComments: 0\"\/>\n\t<\/div>\n        \t<\/div>\n<\/div><div class=\"qode-news-item qode-layout1-item\">\n\t\t<div class=\"qode-news-item-image-holder\">\n\t\t\t<div class=\"qode-post-image\">\n\t    <a itemprop=\"url\" href=\"https:\/\/www.txantxangorri.info\/es\/javier-ortiz-fotografias-exposiciones\/\" title=\"Javier Ortiz: \u00abLas fotograf\u00edas se quedan guardadas, por eso hago exposiciones\u00bb\">\n        <img decoding=\"async\" src=\"https:\/\/www.txantxangorri.info\/wp-content\/uploads\/2026\/03\/TX157-Javier-310x190.jpg\" alt=\"Las fotograf\u00edas guardadas percebeiros de Bayona\" width=\"310\" height=\"190\" title=\"\">\t    <\/a>\n\t<\/div>\n        <div class=\"qode-news-image-info-holder-left\">\n\t\t\t        <\/div>\n        <div class=\"qode-news-image-info-holder-right\">\n\t\t\t\t\t<\/div>\n\t<\/div>\n    \t<div class=\"qode-ni-content\">\n        \t<div class=\"qode-post-info-category\">\n\t\t<a href=\"https:\/\/www.txantxangorri.info\/es\/.\/cultura\/\"><span class=\"qode-category-name\" >Cultura <\/span><\/a>\t<\/div>\n\t\t\n<h4 itemprop=\"name\" class=\"entry-title qode-post-title\">\n    <a itemprop=\"url\" href=\"https:\/\/www.txantxangorri.info\/es\/javier-ortiz-fotografias-exposiciones\/\" title=\"Javier Ortiz: \u00abLas fotograf\u00edas se quedan guardadas, por eso hago exposiciones\u00bb\">\n        Javier Ortiz: \u00abLas fotograf\u00edas se quedan guardadas, por eso hago exposiciones\u00bb    <\/a>\n<\/h4>\t\t\t\t\t<div itemprop=\"dateCreated\" class=\"qode-post-info-date entry-date published updated\">\n\t    \t        <a itemprop=\"url\" href=\"https:\/\/www.txantxangorri.info\/es\/2026\/03\/\">\n\t            <i class=\"dripicons-alarm\"><\/i>\n    \t2 meses hace        <\/a>\n\t    <meta itemprop=\"interactionCount\" content=\"UserComments: 0\"\/>\n\t<\/div>\n        \t<\/div>\n<\/div><div class=\"qode-news-item qode-layout1-item\">\n\t\t<div class=\"qode-news-item-image-holder\">\n\t\t\t<div class=\"qode-post-image\">\n\t    <a itemprop=\"url\" href=\"https:\/\/www.txantxangorri.info\/es\/aguado-sociedad-mineria-del-hierro\/\" title=\"Francisco Javier Aguado: \u00abNuestra sociedad se ha desarrollado por la miner\u00eda del hierro\u00bb\">\n        <img decoding=\"async\" src=\"https:\/\/www.txantxangorri.info\/wp-content\/uploads\/2026\/03\/TX158-Minerales-310x190.jpg\" alt=\"Francisco Javier Aguado: \u00abNuestra sociedad se ha desarrollado por la miner\u00eda del hierro\u00bb\" width=\"310\" height=\"190\" title=\"\">\t    <\/a>\n\t<\/div>\n        <div class=\"qode-news-image-info-holder-left\">\n\t\t\t        <\/div>\n        <div class=\"qode-news-image-info-holder-right\">\n\t\t\t\t\t<\/div>\n\t<\/div>\n    \t<div class=\"qode-ni-content\">\n        \t<div class=\"qode-post-info-category\">\n\t\t<a href=\"https:\/\/www.txantxangorri.info\/es\/.\/cultura\/\"><span class=\"qode-category-name\" >Cultura <\/span><\/a><a href=\"https:\/\/www.txantxangorri.info\/es\/.\/destacado\/\"><span class=\"qode-category-name\" >Destacado <\/span><\/a>\t<\/div>\n\t\t\n<h4 itemprop=\"name\" class=\"entry-title qode-post-title\">\n    <a itemprop=\"url\" href=\"https:\/\/www.txantxangorri.info\/es\/aguado-sociedad-mineria-del-hierro\/\" title=\"Francisco Javier Aguado: \u00abNuestra sociedad se ha desarrollado por la miner\u00eda del hierro\u00bb\">\n        Francisco Javier Aguado: \u00abNuestra sociedad se ha desarrollado por la miner\u00eda del hierro\u00bb    <\/a>\n<\/h4>\t\t\t\t\t<div itemprop=\"dateCreated\" class=\"qode-post-info-date entry-date published updated\">\n\t    \t        <a itemprop=\"url\" href=\"https:\/\/www.txantxangorri.info\/es\/2026\/03\/\">\n\t            <i class=\"dripicons-alarm\"><\/i>\n    \t2 meses hace        <\/a>\n\t    <meta itemprop=\"interactionCount\" content=\"UserComments: 0\"\/>\n\t<\/div>\n        \t<\/div>\n<\/div><div class=\"qode-news-item qode-layout1-item\">\n\t\t<div class=\"qode-news-item-image-holder\">\n\t\t\t<div class=\"qode-post-image\">\n\t    <a itemprop=\"url\" href=\"https:\/\/www.txantxangorri.info\/es\/txantxangorri-ejemplar-158\/\" title=\"Txantxangorri ejemplar 158\">\n        <img decoding=\"async\" src=\"https:\/\/www.txantxangorri.info\/wp-content\/uploads\/2026\/04\/TX158-portada-310x190.jpg\" alt=\"Txantxangorri 158. alea | Txantxangorri ejemplar 158\" width=\"310\" height=\"190\" title=\"\">\t    <\/a>\n\t<\/div>\n        <div class=\"qode-news-image-info-holder-left\">\n\t\t\t        <\/div>\n        <div class=\"qode-news-image-info-holder-right\">\n\t\t\t\t\t<\/div>\n\t<\/div>\n    \t<div class=\"qode-ni-content\">\n        \t<div class=\"qode-post-info-category\">\n\t\t<a href=\"https:\/\/www.txantxangorri.info\/es\/.\/en-papel\/\"><span class=\"qode-category-name\" >En papel <\/span><\/a>\t<\/div>\n\t\t\n<h4 itemprop=\"name\" class=\"entry-title qode-post-title\">\n    <a itemprop=\"url\" href=\"https:\/\/www.txantxangorri.info\/es\/txantxangorri-ejemplar-158\/\" title=\"Txantxangorri ejemplar 158\">\n        Txantxangorri ejemplar 158    <\/a>\n<\/h4>\t\t\t\t\t<div itemprop=\"dateCreated\" class=\"qode-post-info-date entry-date published updated\">\n\t    \t        <a itemprop=\"url\" href=\"https:\/\/www.txantxangorri.info\/es\/2026\/03\/\">\n\t            <i class=\"dripicons-alarm\"><\/i>\n    \t2 meses hace        <\/a>\n\t    <meta itemprop=\"interactionCount\" content=\"UserComments: 0\"\/>\n\t<\/div>\n        \t<\/div>\n<\/div><\/div><\/div>[\/vc_column][\/vc_row][vc_row css_animation=\u00bb\u00bb row_type=\u00bbrow\u00bb use_row_as_full_screen_section=\u00bbno\u00bb type=\u00bbgrid\u00bb angled_section=\u00bbno\u00bb text_align=\u00bbleft\u00bb background_image_as_pattern=\u00bbwithout_pattern\u00bb][vc_column offset=\u00bbvc_col-lg-offset-0 vc_col-lg-2 vc_col-md-offset-0 vc_col-md-2 vc_col-sm-offset-0&#8243;][vc_widget_sidebar sidebar_id=\u00bbHottest Stuff\u00bb][\/vc_column][vc_column offset=\u00bbvc_col-lg-7 vc_col-md-offset-0 vc_col-md-7&#8243;]<div class=\"qode-news-holder qode-layout1 qode-news-columns-1 qode-nl-no-space qode-center-alignment\"  data-post-status=publish data-ignore-sticky-posts=1 data-orderby=date data-posts-per-page=1 data-sort=latest data-paged=1 data-max-num-pages=433 data-next-page=2 data-title-tag=h2 data-image-size=custom data-custom-image-width=804 data-custom-image-height=473 data-display-categories=yes data-display-excerpt=yes data-excerpt-length=20 data-display-date=yes data-date-format=difference data-display-author=no data-display-share=no data-display-hot-trending-icons=yes data-layout=qode_layout1><div class=\"qode-news-list-inner-holder\" data-number-of-items=\"1\"><div class=\"qode-news-item qode-layout1-item\">\n\t\t<div class=\"qode-news-item-image-holder\">\n\t\t\t<div class=\"qode-post-image\">\n\t    <a itemprop=\"url\" href=\"https:\/\/www.txantxangorri.info\/es\/txantxangorri-ejemplar-159\/\" title=\"Txantxangorri ejemplar 159\">\n        <img decoding=\"async\" src=\"https:\/\/www.txantxangorri.info\/wp-content\/uploads\/2026\/04\/TX159-portada-804x473.jpg\" alt=\"Txantxangorri 159. alea | Txantxangorri ejemplar 159\" width=\"804\" height=\"473\" title=\"\">\t    <\/a>\n\t<\/div>\n        <div class=\"qode-news-image-info-holder-left\">\n\t\t\t        <\/div>\n        <div class=\"qode-news-image-info-holder-right\">\n\t\t\t\t\t<\/div>\n\t<\/div>\n    \t<div class=\"qode-ni-content\">\n        \t<div class=\"qode-post-info-category\">\n\t\t<a href=\"https:\/\/www.txantxangorri.info\/es\/.\/en-papel\/\"><span class=\"qode-category-name\" >En papel <\/span><\/a>\t<\/div>\n\t\t\n<h2 itemprop=\"name\" class=\"entry-title qode-post-title\">\n    <a itemprop=\"url\" href=\"https:\/\/www.txantxangorri.info\/es\/txantxangorri-ejemplar-159\/\" title=\"Txantxangorri ejemplar 159\">\n        Txantxangorri ejemplar 159    <\/a>\n<\/h2>\t\t\n\n        <div class=\"qode-post-excerpt-holder\">\n            Lee online la revista Txantxangorri ejemplar 159        <\/div>\n\n\t\t\t\t<div itemprop=\"dateCreated\" class=\"qode-post-info-date entry-date published updated\">\n\t    \t        <a itemprop=\"url\" href=\"https:\/\/www.txantxangorri.info\/es\/2026\/04\/\">\n\t            <i class=\"dripicons-alarm\"><\/i>\n    \t2 semanas hace        <\/a>\n\t    <meta itemprop=\"interactionCount\" content=\"UserComments: 0\"\/>\n\t<\/div>\n        \t<\/div>\n<\/div><\/div><\/div>[vc_empty_space height=\u00bb33px\u00bb]<div class=\"qode-news-holder qode-layout1 qode-news-columns-2 qode-nl-normal-space qode-center-alignment\"  data-post-status=publish data-ignore-sticky-posts=1 data-orderby=date data-posts-per-page=6 data-sort=latest data-paged=1 data-offset=1 data-max-num-pages=72 data-next-page=2 data-title-tag=h4 data-image-size=custom data-custom-image-width=387 data-custom-image-height=207 data-display-categories=yes data-display-excerpt=no data-display-date=yes data-date-format=difference data-display-author=no data-display-share=no data-display-hot-trending-icons=yes data-layout=qode_layout1><div class=\"qode-news-list-inner-holder\" data-number-of-items=\"2\"><div class=\"qode-news-item qode-layout1-item\">\n\t\t<div class=\"qode-news-item-image-holder\">\n\t\t\t<div class=\"qode-post-image\">\n\t    <a itemprop=\"url\" href=\"https:\/\/www.txantxangorri.info\/es\/unai-etxeberria-piloto-carreras\/\" title=\"Unai Etxeberria: \u00abTanto ver y ver, ha llegado la hora de hacer algo\u00bb\">\n        <img decoding=\"async\" src=\"https:\/\/www.txantxangorri.info\/wp-content\/uploads\/2026\/04\/TX159-Unai-387x207.jpg\" alt=\"Unai etxeberria bere kotxearekin \" width=\"387\" height=\"207\" title=\"\">\t    <\/a>\n\t<\/div>\n        <div class=\"qode-news-image-info-holder-left\">\n\t\t\t        <\/div>\n        <div class=\"qode-news-image-info-holder-right\">\n\t\t\t\t\t<\/div>\n\t<\/div>\n    \t<div class=\"qode-ni-content\">\n        \t<div class=\"qode-post-info-category\">\n\t\t<a href=\"https:\/\/www.txantxangorri.info\/es\/.\/deportes\/\"><span class=\"qode-category-name\" >Deportes <\/span><\/a><a href=\"https:\/\/www.txantxangorri.info\/es\/.\/destacado\/\"><span class=\"qode-category-name\" >Destacado <\/span><\/a>\t<\/div>\n\t\t\n<h4 itemprop=\"name\" class=\"entry-title qode-post-title\">\n    <a itemprop=\"url\" href=\"https:\/\/www.txantxangorri.info\/es\/unai-etxeberria-piloto-carreras\/\" title=\"Unai Etxeberria: \u00abTanto ver y ver, ha llegado la hora de hacer algo\u00bb\">\n        Unai Etxeberria: \u00abTanto ver y ver, ha llegado la hora de hacer algo\u00bb    <\/a>\n<\/h4>\t\t\t\t\t<div itemprop=\"dateCreated\" class=\"qode-post-info-date entry-date published updated\">\n\t    \t        <a itemprop=\"url\" href=\"https:\/\/www.txantxangorri.info\/es\/2026\/04\/\">\n\t            <i class=\"dripicons-alarm\"><\/i>\n    \t2 semanas hace        <\/a>\n\t    <meta itemprop=\"interactionCount\" content=\"UserComments: 0\"\/>\n\t<\/div>\n        \t<\/div>\n<\/div><div class=\"qode-news-item qode-layout1-item\">\n\t\t<div class=\"qode-news-item-image-holder\">\n\t\t\t<div class=\"qode-post-image\">\n\t    <a itemprop=\"url\" href=\"https:\/\/www.txantxangorri.info\/es\/coleccion-de-postales-del-pais-vasco\/\" title=\"Una de las mayores colecciones de postales del Pa\u00eds Vasco\">\n        <img decoding=\"async\" src=\"https:\/\/www.txantxangorri.info\/wp-content\/uploads\/2026\/04\/TX159-postales-387x207.jpg\" alt=\"Cesareo ugarte con una parte de su colecci\u00f3n de postales\" width=\"387\" height=\"207\" title=\"\">\t    <\/a>\n\t<\/div>\n        <div class=\"qode-news-image-info-holder-left\">\n\t\t\t        <\/div>\n        <div class=\"qode-news-image-info-holder-right\">\n\t\t\t\t\t<\/div>\n\t<\/div>\n    \t<div class=\"qode-ni-content\">\n        \t<div class=\"qode-post-info-category\">\n\t\t<a href=\"https:\/\/www.txantxangorri.info\/es\/.\/cultura\/\"><span class=\"qode-category-name\" >Cultura <\/span><\/a><a href=\"https:\/\/www.txantxangorri.info\/es\/.\/destacado\/\"><span class=\"qode-category-name\" >Destacado <\/span><\/a>\t<\/div>\n\t\t\n<h4 itemprop=\"name\" class=\"entry-title qode-post-title\">\n    <a itemprop=\"url\" href=\"https:\/\/www.txantxangorri.info\/es\/coleccion-de-postales-del-pais-vasco\/\" title=\"Una de las mayores colecciones de postales del Pa\u00eds Vasco\">\n        Una de las mayores colecciones de postales del Pa\u00eds Vasco    <\/a>\n<\/h4>\t\t\t\t\t<div itemprop=\"dateCreated\" class=\"qode-post-info-date entry-date published updated\">\n\t    \t        <a itemprop=\"url\" href=\"https:\/\/www.txantxangorri.info\/es\/2026\/04\/\">\n\t            <i class=\"dripicons-alarm\"><\/i>\n    \t3 semanas hace        <\/a>\n\t    <meta itemprop=\"interactionCount\" content=\"UserComments: 0\"\/>\n\t<\/div>\n        \t<\/div>\n<\/div><div class=\"qode-news-item qode-layout1-item\">\n\t\t<div class=\"qode-news-item-image-holder\">\n\t\t\t<div class=\"qode-post-image\">\n\t    <a itemprop=\"url\" href=\"https:\/\/www.txantxangorri.info\/es\/cazadores-con-alma-cientifica\/\" title=\"Cazadores con alma cient\u00edfica\">\n        <img decoding=\"async\" src=\"https:\/\/www.txantxangorri.info\/wp-content\/uploads\/2026\/04\/TX159-Becada-387x207.jpg\" alt=\"Becada en vuelo. Foto: Club de cazadores de Becadas\" width=\"387\" height=\"207\" title=\"\">\t    <\/a>\n\t<\/div>\n        <div class=\"qode-news-image-info-holder-left\">\n\t\t\t        <\/div>\n        <div class=\"qode-news-image-info-holder-right\">\n\t\t\t\t\t<\/div>\n\t<\/div>\n    \t<div class=\"qode-ni-content\">\n        \t<div class=\"qode-post-info-category\">\n\t\t<a href=\"https:\/\/www.txantxangorri.info\/es\/.\/cultura\/\"><span class=\"qode-category-name\" >Cultura <\/span><\/a><a href=\"https:\/\/www.txantxangorri.info\/es\/.\/medio-ambiente\/\"><span class=\"qode-category-name\" >Medio ambiente <\/span><\/a>\t<\/div>\n\t\t\n<h4 itemprop=\"name\" class=\"entry-title qode-post-title\">\n    <a itemprop=\"url\" href=\"https:\/\/www.txantxangorri.info\/es\/cazadores-con-alma-cientifica\/\" title=\"Cazadores con alma cient\u00edfica\">\n        Cazadores con alma cient\u00edfica    <\/a>\n<\/h4>\t\t\t\t\t<div itemprop=\"dateCreated\" class=\"qode-post-info-date entry-date published updated\">\n\t    \t        <a itemprop=\"url\" href=\"https:\/\/www.txantxangorri.info\/es\/2026\/04\/\">\n\t            <i class=\"dripicons-alarm\"><\/i>\n    \t3 semanas hace        <\/a>\n\t    <meta itemprop=\"interactionCount\" content=\"UserComments: 0\"\/>\n\t<\/div>\n        \t<\/div>\n<\/div><div class=\"qode-news-item qode-layout1-item\">\n\t\t<div class=\"qode-news-item-image-holder\">\n\t\t\t<div class=\"qode-post-image\">\n\t    <a itemprop=\"url\" href=\"https:\/\/www.txantxangorri.info\/es\/primeros-motores-industriales-pais-vasco\/\" title=\"Los primeros motores industriales del Pa\u00eds Vasco\">\n        <img decoding=\"async\" src=\"https:\/\/www.txantxangorri.info\/wp-content\/uploads\/2026\/03\/TX157-Martin-Garcia-387x207.jpg\" alt=\"El motor industrial fabricado por Yeregui. Fotograf\u00eda: Martin Garc\u00eda\" width=\"387\" height=\"207\" title=\"\">\t    <\/a>\n\t<\/div>\n        <div class=\"qode-news-image-info-holder-left\">\n\t\t\t        <\/div>\n        <div class=\"qode-news-image-info-holder-right\">\n\t\t\t\t\t<\/div>\n\t<\/div>\n    \t<div class=\"qode-ni-content\">\n        \t<div class=\"qode-post-info-category\">\n\t\t<a href=\"https:\/\/www.txantxangorri.info\/es\/.\/cultura\/\"><span class=\"qode-category-name\" >Cultura <\/span><\/a>\t<\/div>\n\t\t\n<h4 itemprop=\"name\" class=\"entry-title qode-post-title\">\n    <a itemprop=\"url\" href=\"https:\/\/www.txantxangorri.info\/es\/primeros-motores-industriales-pais-vasco\/\" title=\"Los primeros motores industriales del Pa\u00eds Vasco\">\n        Los primeros motores industriales del Pa\u00eds Vasco    <\/a>\n<\/h4>\t\t\t\t\t<div itemprop=\"dateCreated\" class=\"qode-post-info-date entry-date published updated\">\n\t    \t        <a itemprop=\"url\" href=\"https:\/\/www.txantxangorri.info\/es\/2026\/03\/\">\n\t            <i class=\"dripicons-alarm\"><\/i>\n    \t2 meses hace        <\/a>\n\t    <meta itemprop=\"interactionCount\" content=\"UserComments: 0\"\/>\n\t<\/div>\n        \t<\/div>\n<\/div><div class=\"qode-news-item qode-layout1-item\">\n\t\t<div class=\"qode-news-item-image-holder\">\n\t\t\t<div class=\"qode-post-image\">\n\t    <a itemprop=\"url\" href=\"https:\/\/www.txantxangorri.info\/es\/12-ultras-benat-garcia-fibromialgia\/\" title=\"Los 12 ultras de Be\u00f1at Garc\u00eda por los enfermos de fibromialgia\">\n        <img decoding=\"async\" src=\"https:\/\/www.txantxangorri.info\/wp-content\/uploads\/2026\/03\/TX158-Benat-Garcia-387x207.jpg\" alt=\"Be\u00f1at Garc\u00eda completar\u00e1 1.200 kil\u00f3metros corriendo para dar visibilidad a la fibromialgia, que afecta al 3% de las personas\" width=\"387\" height=\"207\" title=\"\">\t    <\/a>\n\t<\/div>\n        <div class=\"qode-news-image-info-holder-left\">\n\t\t\t        <\/div>\n        <div class=\"qode-news-image-info-holder-right\">\n\t\t\t\t\t<\/div>\n\t<\/div>\n    \t<div class=\"qode-ni-content\">\n        \t<div class=\"qode-post-info-category\">\n\t\t<a href=\"https:\/\/www.txantxangorri.info\/es\/.\/deportes\/\"><span class=\"qode-category-name\" >Deportes <\/span><\/a>\t<\/div>\n\t\t\n<h4 itemprop=\"name\" class=\"entry-title qode-post-title\">\n    <a itemprop=\"url\" href=\"https:\/\/www.txantxangorri.info\/es\/12-ultras-benat-garcia-fibromialgia\/\" title=\"Los 12 ultras de Be\u00f1at Garc\u00eda por los enfermos de fibromialgia\">\n        Los 12 ultras de Be\u00f1at Garc\u00eda por los enfermos de fibromialgia    <\/a>\n<\/h4>\t\t\t\t\t<div itemprop=\"dateCreated\" class=\"qode-post-info-date entry-date published updated\">\n\t    \t        <a itemprop=\"url\" href=\"https:\/\/www.txantxangorri.info\/es\/2026\/03\/\">\n\t            <i class=\"dripicons-alarm\"><\/i>\n    \t2 meses hace        <\/a>\n\t    <meta itemprop=\"interactionCount\" content=\"UserComments: 0\"\/>\n\t<\/div>\n        \t<\/div>\n<\/div><div class=\"qode-news-item qode-layout1-item\">\n\t\t<div class=\"qode-news-item-image-holder\">\n\t\t\t<div class=\"qode-post-image\">\n\t    <a itemprop=\"url\" href=\"https:\/\/www.txantxangorri.info\/es\/mate-plaza-matematicas-practicas\/\" title=\"\u2018Mate-plaza\u2019, matem\u00e1ticas pr\u00e1cticas en la calle\">\n        <img decoding=\"async\" src=\"https:\/\/www.txantxangorri.info\/wp-content\/uploads\/2026\/03\/TX158-Mates-387x207.jpg\" alt=\"Matematicas Leminskata\" width=\"387\" height=\"207\" title=\"\">\t    <\/a>\n\t<\/div>\n        <div class=\"qode-news-image-info-holder-left\">\n\t\t\t        <\/div>\n        <div class=\"qode-news-image-info-holder-right\">\n\t\t\t\t\t<\/div>\n\t<\/div>\n    \t<div class=\"qode-ni-content\">\n        \t<div class=\"qode-post-info-category\">\n\t\t<a href=\"https:\/\/www.txantxangorri.info\/es\/.\/cultura\/\"><span class=\"qode-category-name\" >Cultura <\/span><\/a><a href=\"https:\/\/www.txantxangorri.info\/es\/.\/destacado\/\"><span class=\"qode-category-name\" >Destacado <\/span><\/a>\t<\/div>\n\t\t\n<h4 itemprop=\"name\" class=\"entry-title qode-post-title\">\n    <a itemprop=\"url\" href=\"https:\/\/www.txantxangorri.info\/es\/mate-plaza-matematicas-practicas\/\" title=\"\u2018Mate-plaza\u2019, matem\u00e1ticas pr\u00e1cticas en la calle\">\n        \u2018Mate-plaza\u2019, matem\u00e1ticas pr\u00e1cticas en la calle    <\/a>\n<\/h4>\t\t\t\t\t<div itemprop=\"dateCreated\" class=\"qode-post-info-date entry-date published updated\">\n\t    \t        <a itemprop=\"url\" href=\"https:\/\/www.txantxangorri.info\/es\/2026\/03\/\">\n\t            <i class=\"dripicons-alarm\"><\/i>\n    \t2 meses hace        <\/a>\n\t    <meta itemprop=\"interactionCount\" content=\"UserComments: 0\"\/>\n\t<\/div>\n        \t<\/div>\n<\/div><\/div><\/div>[vc_empty_space height=\u00bb40px\u00bb][vc_single_image image=\u00bb6736&#8243; img_size=\u00bbfull\u00bb alignment=\u00bbcenter\u00bb style=\u00bbvc_box_border\u00bb border_color=\u00bbblack\u00bb onclick=\u00bbcustom_link\u00bb img_link_target=\u00bb_blank\u00bb qode_css_animation=\u00bb\u00bb link=\u00bbhttps:\/\/lenbur.com\/es\/eventos\/olentzero-de-mirandaola\/\u00bb][vc_empty_space height=\u00bb75px\u00bb][vc_row_inner row_type=\u00bbrow\u00bb type=\u00bbfull_width\u00bb text_align=\u00bbleft\u00bb css_animation=\u00bb\u00bb css=\u00bb.vc_custom_1611855122065{background-position: center !important;background-repeat: no-repeat !important;background-size: cover !important;}\u00bb][vc_column_inner width=\u00bb5\/6&#8243; offset=\u00bbvc_col-sm-offset-2 vc_col-xs-offset-1 vc_col-xs-11&#8243;][qode_elements_holder number_of_columns=\u00bbone_column\u00bb][qode_elements_holder_item advanced_animations=\u00bbno\u00bb item_padding=\u00bb0 0 0 1.9%\u00bb item_padding_768_1024=\u00bb0 0&#8243; item_padding_600_768=\u00bb0 0&#8243; item_padding_480_600=\u00bb0 0 0 9.9%\u00bb item_padding_480=\u00bb0 0 0 8.9%\u00bb]<div class=\"qode-news-holder qode-video-layout1 qode-news-columns-1 qode-nl-no-space\"  data-post-status=publish data-post-in=179 data-only-videos=yes data-ignore-sticky-posts=1 data-posts-per-page=1 data-paged=1 data-max-num-pages=0 data-next-page=2 data-title-tag=h3 data-display-author=no data-display-share=yes data-layout=qode_video_layout1>Disc\u00falpanos, no se han encontrado noticias.<\/div>[\/qode_elements_holder_item][\/qode_elements_holder][\/vc_column_inner][\/vc_row_inner][vc_row_inner row_type=\u00bbrow\u00bb type=\u00bbfull_width\u00bb text_align=\u00bbleft\u00bb css_animation=\u00bb\u00bb css=\u00bb.vc_custom_1569958574678{margin-top: 32px !important;}\u00bb][vc_column_inner]<div class=\"qode-news-holder qode-video-layout2 qode-news-columns-2 qode-nl-normal-space\"  data-post-status=publish data-author-id=1 data-author=1 data-post-not-in=179 data-only-videos=yes data-ignore-sticky-posts=1 data-orderby=date data-posts-per-page=2 data-sort=latest data-paged=1 data-max-num-pages=0 data-next-page=2 data-title-tag=h4 data-image-size=custom data-custom-image-width=447 data-custom-image-height=280 data-display-share=no data-layout=qode_video_layout2>Disc\u00falpanos, no se han encontrado noticias.<\/div>[\/vc_column_inner][\/vc_row_inner][vc_row_inner row_type=\u00bbrow\u00bb type=\u00bbfull_width\u00bb text_align=\u00bbleft\u00bb css_animation=\u00bb\u00bb css=\u00bb.vc_custom_1569958768285{margin-top: 68px !important;margin-bottom: 68px !important;}\u00bb][vc_column_inner][\/vc_column_inner][\/vc_row_inner][\/vc_column][vc_column offset=\u00bbvc_col-lg-offset-0 vc_col-lg-3 vc_col-md-offset-0 vc_col-md-3 vc_col-sm-offset-0&#8243;][vc_widget_sidebar sidebar_id=\u00bbLatest Posts\u00bb][\/vc_column][\/vc_row][vc_row css_animation=\u00bb\u00bb row_type=\u00bbrow\u00bb use_row_as_full_screen_section=\u00bbno\u00bb type=\u00bbgrid\u00bb angled_section=\u00bbno\u00bb text_align=\u00bbleft\u00bb background_image_as_pattern=\u00bbwithout_pattern\u00bb z_index=\u00bb\u00bb][vc_column offset=\u00bbvc_col-lg-9 vc_col-md-12&#8243;]<div class=\"qode-news-holder qode-layout3 qode-news-columns-1 qode-nl-no-space\"  data-post-status=publish data-category-name=nabarmendua data-ignore-sticky-posts=1 data-orderby=date data-posts-per-page=1 data-sort=latest data-paged=1 data-offset=6 data-max-num-pages=175 data-next-page=2 data-title-tag=h2 data-image-size=custom data-custom-image-width=1043 data-custom-image-height=605 data-display-categories=yes data-display-excerpt=no data-display-date=no data-display-author=no data-display-share=yes data-display-hot-trending-icons=yes data-display-review=no data-layout=qode_layout3><div class=\"qode-news-list-inner-holder\" data-number-of-items=\"1\"><div class=\"qode-news-item qode-layout3-item\">\n\t<div class=\"qode-news-item-image-holder\">\n\t\t\t<div class=\"qode-post-image\">\n\t    <a itemprop=\"url\" href=\"https:\/\/www.txantxangorri.info\/es\/pasion-barro-koki-hernandez\/\" title=\"La pasi\u00f3n por el barro de Koki Hern\u00e1ndez\">\n        <img decoding=\"async\" src=\"https:\/\/www.txantxangorri.info\/wp-content\/uploads\/2025\/11\/TX154_Koki-1043x605.jpg\" alt=\"Koki Hernandez junto a algunas esculturas de la exposici\u00f3n &#039;Barro emergido&#039;. N\u00fa\u00f1ez\" width=\"1043\" height=\"605\" title=\"\">\t    <\/a>\n\t<\/div>\n        <div class=\"qode-news-image-info-holder-left\">\n\t\t\t        <\/div>\n        <div class=\"qode-news-image-info-holder-right\">\n\t\t\t    <div class=\"qode-blog-share\">\n        <div class=\"blog_share qode_share\"><div class=\"social_share_holder\"><a href=\"javascript:void(0)\" target=\"_self\"><i class=\"social_share social_share_icon\"><\/i><\/a><div class=\"social_share_dropdown\"><div class=\"inner_arrow\"><\/div><ul><li class=\"facebook_share\"><a href=\"javascript:void(0)\" onclick=\"window.open('https:\/\/www.facebook.com\/sharer.php?u=https:\/\/www.txantxangorri.info\/es\/pasion-barro-koki-hernandez\/', 'sharer', 'toolbar=0,status=0,width=620,height=280');\"><i class=\"fa fa-facebook\"><\/i><\/a><\/li><li class=\"twitter_share\"><a href=\"#\" onclick=\"popUp=window.open('https:\/\/twitter.com\/intent\/tweet?text=http:\/\/Koki%20Hernandez%20se%20expresa%20a%20trav\u00e9s%20del%20barro.%20Artesana%20vocacional,%20en%20los%20\u00faltimos%20a\u00f1os%20ha%20dejado%20de%20lado%20las%20ferias%20y%20https:\/\/www.txantxangorri.info\/es\/pasion-barro-koki-hernandez\/', 'popupwindow', 'scrollbars=yes,width=800,height=400');popUp.focus();return false;\"><i class=\"fa fa-twitter\"><\/i><\/a><\/li><li class=\"linkedin_share\"><a href=\"#\" onclick=\"popUp=window.open('https:\/\/linkedin.com\/shareArticle?mini=true&amp;url=https:\/\/www.txantxangorri.info\/es\/pasion-barro-koki-hernandez\/&amp;title=http:\/\/La%20pasi\u00f3n%20por%20el%20barro%20de%20Koki%20Hern\u00e1ndez', 'popupwindow', 'scrollbars=yes,width=800,height=400');popUp.focus();return false\"><i class=\"fa fa-linkedin\"><\/i><\/a><\/li><li class=\"pinterest_share\"><a href=\"#\" onclick=\"popUp=window.open('https:\/\/pinterest.com\/pin\/create\/button\/?url=https:\/\/www.txantxangorri.info\/es\/pasion-barro-koki-hernandez\/&amp;description=La pasi\u00f3n por el barro de Koki Hern\u00e1ndez&amp;media=https:\/\/www.txantxangorri.info\/wp-content\/uploads\/2025\/11\/TX154_Koki.jpg', 'popupwindow', 'scrollbars=yes,width=800,height=400');popUp.focus();return false\"><i class=\"fa fa-pinterest\"><\/i><\/a><\/li><\/ul><\/div><\/div><\/div>    <\/div>\n\t\t<\/div>\t\t\t\n\t\t<div class=\"qode-ni-content\">\n            \t<div class=\"qode-post-info-category\">\n\t\t<a href=\"https:\/\/www.txantxangorri.info\/es\/.\/cultura\/\"><span class=\"qode-category-name\" >Cultura <\/span><\/a><a href=\"https:\/\/www.txantxangorri.info\/es\/.\/destacado\/\"><span class=\"qode-category-name\" >Destacado <\/span><\/a>\t<\/div>\n\t\t\t\n<h2 itemprop=\"name\" class=\"entry-title qode-post-title\">\n    <a itemprop=\"url\" href=\"https:\/\/www.txantxangorri.info\/es\/pasion-barro-koki-hernandez\/\" title=\"La pasi\u00f3n por el barro de Koki Hern\u00e1ndez\">\n        La pasi\u00f3n por el barro de Koki Hern\u00e1ndez    <\/a>\n<\/h2>\t\t\t\t<a href=\"https:\/\/www.txantxangorri.info\/es\/pasion-barro-koki-hernandez\/\" target=\"_self\"  class=\"qode-btn qode-btn-medium qode-btn-solid qode-btn-default-hover\"  >\t    <span class=\"qode-btn-text\">Leer m\u00e1s<\/span>\t<\/a>\t\t\t                        \n\t\t<\/div>\n\t<\/div>\n<\/div><\/div><\/div>[vc_empty_space height=\u00bb50px\u00bb][vc_row_inner row_type=\u00bbrow\u00bb type=\u00bbfull_width\u00bb text_align=\u00bbleft\u00bb css_animation=\u00bb\u00bb][vc_column_inner width=\u00bb1\/2&#8243;]<div class=\"qode-news-holder qode-layout2 qode-news-columns-1 qode-nl-tiny-space\"  data-post-status=publish data-category-name=kultura data-ignore-sticky-posts=1 data-orderby=date data-posts-per-page=2 data-sort=latest data-paged=1 data-max-num-pages=64 data-next-page=2 data-title-tag=h5 data-image-size=custom data-custom-image-width=103 data-custom-image-height=81 data-display-categories=no data-display-excerpt=no data-excerpt-length=10 data-display-date=yes data-date-format=difference data-display-author=no data-display-share=no data-display-hot-trending-icons=yes data-layout=qode_layout2><div class=\"qode-news-list-title-holder\"><h3 class=\"qode-news-layout-title\">Cultura<\/h3><\/div><div class=\"qode-news-list-inner-holder\" data-number-of-items=\"1\"><div class=\"qode-news-item qode-layout2-item\">\n\t<div class=\"qode-news-item-inner\">\n\t\t<div class=\"qode-news-item-image-holder\">\n\t\t\t<div class=\"qode-news-item-image-holder-inner\">\n\t\t\t\t\t<div class=\"qode-post-image\">\n\t    <a itemprop=\"url\" href=\"https:\/\/www.txantxangorri.info\/es\/coleccion-de-postales-del-pais-vasco\/\" title=\"Una de las mayores colecciones de postales del Pa\u00eds Vasco\">\n        <img decoding=\"async\" src=\"https:\/\/www.txantxangorri.info\/wp-content\/uploads\/2026\/04\/TX159-postales-103x81.jpg\" alt=\"Cesareo ugarte con una parte de su colecci\u00f3n de postales\" width=\"103\" height=\"81\" title=\"\">\t    <\/a>\n\t<\/div>\n                <div class=\"qode-news-image-info-holder-left\">\n\t\t\t\t\t                <\/div>\n                <div class=\"qode-news-image-info-holder-right\">\n\t\t\t\t\t\t\t\t\t<\/div>\n\n\t\t\t<\/div>\n\t\t<\/div>\n\t\t<div class=\"qode-ni-content\">\n            \t\t\t\n<h5 itemprop=\"name\" class=\"entry-title qode-post-title\">\n    <a itemprop=\"url\" href=\"https:\/\/www.txantxangorri.info\/es\/coleccion-de-postales-del-pais-vasco\/\" title=\"Una de las mayores colecciones de postales del Pa\u00eds Vasco\">\n        Una de las mayores colecciones de postales del Pa\u00eds Vasco    <\/a>\n<\/h5>\t\t\t\t<div itemprop=\"dateCreated\" class=\"qode-post-info-date entry-date published updated\">\n\t    \t        <a itemprop=\"url\" href=\"https:\/\/www.txantxangorri.info\/es\/2026\/04\/\">\n\t            <i class=\"dripicons-alarm\"><\/i>\n    \t3 semanas hace        <\/a>\n\t    <meta itemprop=\"interactionCount\" content=\"UserComments: 0\"\/>\n\t<\/div>\n\t\t\t\t\t\t\t\t<\/div>\n\t<\/div>\n<\/div><div class=\"qode-news-item qode-layout2-item\">\n\t<div class=\"qode-news-item-inner\">\n\t\t<div class=\"qode-news-item-image-holder\">\n\t\t\t<div class=\"qode-news-item-image-holder-inner\">\n\t\t\t\t\t<div class=\"qode-post-image\">\n\t    <a itemprop=\"url\" href=\"https:\/\/www.txantxangorri.info\/es\/cazadores-con-alma-cientifica\/\" title=\"Cazadores con alma cient\u00edfica\">\n        <img decoding=\"async\" src=\"https:\/\/www.txantxangorri.info\/wp-content\/uploads\/2026\/04\/TX159-Becada-103x81.jpg\" alt=\"Becada en vuelo. Foto: Club de cazadores de Becadas\" width=\"103\" height=\"81\" title=\"\">\t    <\/a>\n\t<\/div>\n                <div class=\"qode-news-image-info-holder-left\">\n\t\t\t\t\t                <\/div>\n                <div class=\"qode-news-image-info-holder-right\">\n\t\t\t\t\t\t\t\t\t<\/div>\n\n\t\t\t<\/div>\n\t\t<\/div>\n\t\t<div class=\"qode-ni-content\">\n            \t\t\t\n<h5 itemprop=\"name\" class=\"entry-title qode-post-title\">\n    <a itemprop=\"url\" href=\"https:\/\/www.txantxangorri.info\/es\/cazadores-con-alma-cientifica\/\" title=\"Cazadores con alma cient\u00edfica\">\n        Cazadores con alma cient\u00edfica    <\/a>\n<\/h5>\t\t\t\t<div itemprop=\"dateCreated\" class=\"qode-post-info-date entry-date published updated\">\n\t    \t        <a itemprop=\"url\" href=\"https:\/\/www.txantxangorri.info\/es\/2026\/04\/\">\n\t            <i class=\"dripicons-alarm\"><\/i>\n    \t3 semanas hace        <\/a>\n\t    <meta itemprop=\"interactionCount\" content=\"UserComments: 0\"\/>\n\t<\/div>\n\t\t\t\t\t\t\t\t<\/div>\n\t<\/div>\n<\/div><\/div><\/div>[vc_empty_space height=\u00bb50px\u00bb][\/vc_column_inner][vc_column_inner width=\u00bb1\/2&#8243;]<div class=\"qode-news-holder qode-layout2 qode-news-columns-1 qode-nl-normal-space\"  data-post-status=publish data-category-name=ingurumena data-ignore-sticky-posts=1 data-orderby=date data-posts-per-page=2 data-sort=latest data-paged=1 data-max-num-pages=31 data-next-page=2 data-title-tag=h5 data-image-size=custom data-custom-image-width=103 data-custom-image-height=81 data-display-categories=no data-display-excerpt=no data-excerpt-length=10 data-display-date=yes data-date-format=difference data-display-author=no data-display-share=no data-display-hot-trending-icons=yes data-layout=qode_layout2><div class=\"qode-news-list-title-holder\"><h3 class=\"qode-news-layout-title\">Medio ambiente<\/h3><\/div><div class=\"qode-news-list-inner-holder\" data-number-of-items=\"1\"><div class=\"qode-news-item qode-layout2-item\">\n\t<div class=\"qode-news-item-inner\">\n\t\t<div class=\"qode-news-item-image-holder\">\n\t\t\t<div class=\"qode-news-item-image-holder-inner\">\n\t\t\t\t\t<div class=\"qode-post-image\">\n\t    <a itemprop=\"url\" href=\"https:\/\/www.txantxangorri.info\/es\/cazadores-con-alma-cientifica\/\" title=\"Cazadores con alma cient\u00edfica\">\n        <img decoding=\"async\" src=\"https:\/\/www.txantxangorri.info\/wp-content\/uploads\/2026\/04\/TX159-Becada-103x81.jpg\" alt=\"Becada en vuelo. Foto: Club de cazadores de Becadas\" width=\"103\" height=\"81\" title=\"\">\t    <\/a>\n\t<\/div>\n                <div class=\"qode-news-image-info-holder-left\">\n\t\t\t\t\t                <\/div>\n                <div class=\"qode-news-image-info-holder-right\">\n\t\t\t\t\t\t\t\t\t<\/div>\n\n\t\t\t<\/div>\n\t\t<\/div>\n\t\t<div class=\"qode-ni-content\">\n            \t\t\t\n<h5 itemprop=\"name\" class=\"entry-title qode-post-title\">\n    <a itemprop=\"url\" href=\"https:\/\/www.txantxangorri.info\/es\/cazadores-con-alma-cientifica\/\" title=\"Cazadores con alma cient\u00edfica\">\n        Cazadores con alma cient\u00edfica    <\/a>\n<\/h5>\t\t\t\t<div itemprop=\"dateCreated\" class=\"qode-post-info-date entry-date published updated\">\n\t    \t        <a itemprop=\"url\" href=\"https:\/\/www.txantxangorri.info\/es\/2026\/04\/\">\n\t            <i class=\"dripicons-alarm\"><\/i>\n    \t3 semanas hace        <\/a>\n\t    <meta itemprop=\"interactionCount\" content=\"UserComments: 0\"\/>\n\t<\/div>\n\t\t\t\t\t\t\t\t<\/div>\n\t<\/div>\n<\/div><div class=\"qode-news-item qode-layout2-item\">\n\t<div class=\"qode-news-item-inner\">\n\t\t<div class=\"qode-news-item-image-holder\">\n\t\t\t<div class=\"qode-news-item-image-holder-inner\">\n\t\t\t\t\t<div class=\"qode-post-image\">\n\t    <a itemprop=\"url\" href=\"https:\/\/www.txantxangorri.info\/es\/catalogo-digital-fungi-50-micologia-aranzadi\/\" title=\"Publican el cat\u00e1logo digital fungi de Gipuzkoa para celebrar el 50 aniversario de la micolog\u00eda de Aranzadi\">\n        <img decoding=\"async\" src=\"https:\/\/www.txantxangorri.info\/wp-content\/uploads\/2025\/10\/Aranzadi_mikologia-103x81.jpg\" alt=\"Fungi katalogo digitala aurkeztu du Aranzadiko mikologia sailak | La secci\u00f3n de mikologia de Aranzadi presenta el primer catalogo digital fungi\" width=\"103\" height=\"81\" title=\"\">\t    <\/a>\n\t<\/div>\n                <div class=\"qode-news-image-info-holder-left\">\n\t\t\t\t\t                <\/div>\n                <div class=\"qode-news-image-info-holder-right\">\n\t\t\t\t\t\t\t\t\t<\/div>\n\n\t\t\t<\/div>\n\t\t<\/div>\n\t\t<div class=\"qode-ni-content\">\n            \t\t\t\n<h5 itemprop=\"name\" class=\"entry-title qode-post-title\">\n    <a itemprop=\"url\" href=\"https:\/\/www.txantxangorri.info\/es\/catalogo-digital-fungi-50-micologia-aranzadi\/\" title=\"Publican el cat\u00e1logo digital fungi de Gipuzkoa para celebrar el 50 aniversario de la micolog\u00eda de Aranzadi\">\n        Publican el cat\u00e1logo digital fungi de Gipuzkoa para celebrar el 50 aniversario de la micolog\u00eda de Aranzadi    <\/a>\n<\/h5>\t\t\t\t<div itemprop=\"dateCreated\" class=\"qode-post-info-date entry-date published updated\">\n\t    \t        <a itemprop=\"url\" href=\"https:\/\/www.txantxangorri.info\/es\/2025\/10\/\">\n\t            <i class=\"dripicons-alarm\"><\/i>\n    \t6 meses hace        <\/a>\n\t    <meta itemprop=\"interactionCount\" content=\"UserComments: 0\"\/>\n\t<\/div>\n\t\t\t\t\t\t\t\t<\/div>\n\t<\/div>\n<\/div><\/div><\/div>[vc_empty_space height=\u00bb50px\u00bb][\/vc_column_inner][\/vc_row_inner][vc_row_inner row_type=\u00bbrow\u00bb type=\u00bbfull_width\u00bb text_align=\u00bbleft\u00bb css_animation=\u00bb\u00bb][vc_column_inner width=\u00bb1\/2&#8243;]<div class=\"qode-news-holder qode-layout2 qode-news-columns-1 qode-nl-tiny-space\"  data-post-status=publish data-category-name=gastronomia data-ignore-sticky-posts=1 data-orderby=date data-posts-per-page=2 data-sort=latest data-paged=1 data-max-num-pages=13 data-next-page=2 data-title-tag=h5 data-image-size=custom data-custom-image-width=103 data-custom-image-height=81 data-display-categories=no data-display-excerpt=no data-excerpt-length=10 data-display-date=yes data-date-format=difference data-display-author=no data-display-share=no data-display-hot-trending-icons=yes data-layout=qode_layout2><div class=\"qode-news-list-title-holder\"><h3 class=\"qode-news-layout-title\">Gastronom\u00eda<\/h3><\/div><div class=\"qode-news-list-inner-holder\" data-number-of-items=\"1\"><div class=\"qode-news-item qode-layout2-item\">\n\t<div class=\"qode-news-item-inner\">\n\t\t<div class=\"qode-news-item-image-holder\">\n\t\t\t<div class=\"qode-news-item-image-holder-inner\">\n\t\t\t\t\t<div class=\"qode-post-image\">\n\t    <a itemprop=\"url\" href=\"https:\/\/www.txantxangorri.info\/es\/la-feria-extraordinaria-de-las-fiestas-vascas-de-ordizia-se-celebrara-el-10-de-septiembre\/\" title=\"La Feria Extraordinaria de las Fiestas Vascas de Ordizia se celebrar\u00e1 el 10 de septiembre\">\n        <img decoding=\"async\" src=\"https:\/\/www.txantxangorri.info\/wp-content\/uploads\/2024\/09\/Ordiziako-Euskal-Jaiak-2024-103x81.jpg\" alt=\"Ordiziako Euskal Jaiak 2024 Fiestas vascas de Ordizia 2024\" width=\"103\" height=\"81\" title=\"\">\t    <\/a>\n\t<\/div>\n                <div class=\"qode-news-image-info-holder-left\">\n\t\t\t\t\t                <\/div>\n                <div class=\"qode-news-image-info-holder-right\">\n\t\t\t\t\t\t\t\t\t<\/div>\n\n\t\t\t<\/div>\n\t\t<\/div>\n\t\t<div class=\"qode-ni-content\">\n            \t\t\t\n<h5 itemprop=\"name\" class=\"entry-title qode-post-title\">\n    <a itemprop=\"url\" href=\"https:\/\/www.txantxangorri.info\/es\/la-feria-extraordinaria-de-las-fiestas-vascas-de-ordizia-se-celebrara-el-10-de-septiembre\/\" title=\"La Feria Extraordinaria de las Fiestas Vascas de Ordizia se celebrar\u00e1 el 10 de septiembre\">\n        La Feria Extraordinaria de las Fiestas Vascas de Ordizia se celebrar\u00e1 el 10 de septiembre    <\/a>\n<\/h5>\t\t\t\t<div itemprop=\"dateCreated\" class=\"qode-post-info-date entry-date published updated\">\n\t    \t        <a itemprop=\"url\" href=\"https:\/\/www.txantxangorri.info\/es\/2025\/09\/\">\n\t            <i class=\"dripicons-alarm\"><\/i>\n    \t8 meses hace        <\/a>\n\t    <meta itemprop=\"interactionCount\" content=\"UserComments: 0\"\/>\n\t<\/div>\n\t\t\t\t\t\t\t\t<\/div>\n\t<\/div>\n<\/div><div class=\"qode-news-item qode-layout2-item\">\n\t<div class=\"qode-news-item-inner\">\n\t\t<div class=\"qode-news-item-image-holder\">\n\t\t\t<div class=\"qode-news-item-image-holder-inner\">\n\t\t\t\t\t<div class=\"qode-post-image\">\n\t    <a itemprop=\"url\" href=\"https:\/\/www.txantxangorri.info\/es\/clara-gutierrez-comida-sea-medicina\/\" title=\"Clara Guti\u00e9rrez: \u00abQue tu comida sea tu medicina\u00bb\">\n        <img decoding=\"async\" src=\"https:\/\/www.txantxangorri.info\/wp-content\/uploads\/2025\/09\/Tx152_hierbas-medicinales-103x81.jpg\" alt=\"Algunas de las hierbas explicadas por Clara Guti\u00e9rrez. Foto: N\u00fa\u00f1ez\" width=\"103\" height=\"81\" title=\"\">\t    <\/a>\n\t<\/div>\n                <div class=\"qode-news-image-info-holder-left\">\n\t\t\t\t\t                <\/div>\n                <div class=\"qode-news-image-info-holder-right\">\n\t\t\t\t\t\t\t\t\t<\/div>\n\n\t\t\t<\/div>\n\t\t<\/div>\n\t\t<div class=\"qode-ni-content\">\n            \t\t\t\n<h5 itemprop=\"name\" class=\"entry-title qode-post-title\">\n    <a itemprop=\"url\" href=\"https:\/\/www.txantxangorri.info\/es\/clara-gutierrez-comida-sea-medicina\/\" title=\"Clara Guti\u00e9rrez: \u00abQue tu comida sea tu medicina\u00bb\">\n        Clara Guti\u00e9rrez: \u00abQue tu comida sea tu medicina\u00bb    <\/a>\n<\/h5>\t\t\t\t<div itemprop=\"dateCreated\" class=\"qode-post-info-date entry-date published updated\">\n\t    \t        <a itemprop=\"url\" href=\"https:\/\/www.txantxangorri.info\/es\/2025\/09\/\">\n\t            <i class=\"dripicons-alarm\"><\/i>\n    \t8 meses hace        <\/a>\n\t    <meta itemprop=\"interactionCount\" content=\"UserComments: 0\"\/>\n\t<\/div>\n\t\t\t\t\t\t\t\t<\/div>\n\t<\/div>\n<\/div><\/div><\/div>[vc_empty_space height=\u00bb50px\u00bb][\/vc_column_inner][vc_column_inner width=\u00bb1\/2&#8243;]<div class=\"qode-news-holder qode-layout2 qode-news-columns-1 qode-nl-normal-space\"  data-post-status=publish data-category-name=kirolak data-ignore-sticky-posts=1 data-orderby=date data-posts-per-page=2 data-sort=latest data-paged=1 data-max-num-pages=31 data-next-page=2 data-title-tag=h5 data-image-size=custom data-custom-image-width=103 data-custom-image-height=81 data-display-categories=no data-display-excerpt=no data-excerpt-length=10 data-display-date=yes data-date-format=difference data-display-author=no data-display-share=no data-display-hot-trending-icons=yes data-layout=qode_layout2><div class=\"qode-news-list-title-holder\"><h3 class=\"qode-news-layout-title\">Deportes<\/h3><\/div><div class=\"qode-news-list-inner-holder\" data-number-of-items=\"1\"><div class=\"qode-news-item qode-layout2-item\">\n\t<div class=\"qode-news-item-inner\">\n\t\t<div class=\"qode-news-item-image-holder\">\n\t\t\t<div class=\"qode-news-item-image-holder-inner\">\n\t\t\t\t\t<div class=\"qode-post-image\">\n\t    <a itemprop=\"url\" href=\"https:\/\/www.txantxangorri.info\/es\/unai-etxeberria-piloto-carreras\/\" title=\"Unai Etxeberria: \u00abTanto ver y ver, ha llegado la hora de hacer algo\u00bb\">\n        <img decoding=\"async\" src=\"https:\/\/www.txantxangorri.info\/wp-content\/uploads\/2026\/04\/TX159-Unai-103x81.jpg\" alt=\"Unai etxeberria bere kotxearekin \" width=\"103\" height=\"81\" title=\"\">\t    <\/a>\n\t<\/div>\n                <div class=\"qode-news-image-info-holder-left\">\n\t\t\t\t\t                <\/div>\n                <div class=\"qode-news-image-info-holder-right\">\n\t\t\t\t\t\t\t\t\t<\/div>\n\n\t\t\t<\/div>\n\t\t<\/div>\n\t\t<div class=\"qode-ni-content\">\n            \t\t\t\n<h5 itemprop=\"name\" class=\"entry-title qode-post-title\">\n    <a itemprop=\"url\" href=\"https:\/\/www.txantxangorri.info\/es\/unai-etxeberria-piloto-carreras\/\" title=\"Unai Etxeberria: \u00abTanto ver y ver, ha llegado la hora de hacer algo\u00bb\">\n        Unai Etxeberria: \u00abTanto ver y ver, ha llegado la hora de hacer algo\u00bb    <\/a>\n<\/h5>\t\t\t\t<div itemprop=\"dateCreated\" class=\"qode-post-info-date entry-date published updated\">\n\t    \t        <a itemprop=\"url\" href=\"https:\/\/www.txantxangorri.info\/es\/2026\/04\/\">\n\t            <i class=\"dripicons-alarm\"><\/i>\n    \t2 semanas hace        <\/a>\n\t    <meta itemprop=\"interactionCount\" content=\"UserComments: 0\"\/>\n\t<\/div>\n\t\t\t\t\t\t\t\t<\/div>\n\t<\/div>\n<\/div><div class=\"qode-news-item qode-layout2-item\">\n\t<div class=\"qode-news-item-inner\">\n\t\t<div class=\"qode-news-item-image-holder\">\n\t\t\t<div class=\"qode-news-item-image-holder-inner\">\n\t\t\t\t\t<div class=\"qode-post-image\">\n\t    <a itemprop=\"url\" href=\"https:\/\/www.txantxangorri.info\/es\/12-ultras-benat-garcia-fibromialgia\/\" title=\"Los 12 ultras de Be\u00f1at Garc\u00eda por los enfermos de fibromialgia\">\n        <img decoding=\"async\" src=\"https:\/\/www.txantxangorri.info\/wp-content\/uploads\/2026\/03\/TX158-Benat-Garcia-103x81.jpg\" alt=\"Be\u00f1at Garc\u00eda completar\u00e1 1.200 kil\u00f3metros corriendo para dar visibilidad a la fibromialgia, que afecta al 3% de las personas\" width=\"103\" height=\"81\" title=\"\">\t    <\/a>\n\t<\/div>\n                <div class=\"qode-news-image-info-holder-left\">\n\t\t\t\t\t                <\/div>\n                <div class=\"qode-news-image-info-holder-right\">\n\t\t\t\t\t\t\t\t\t<\/div>\n\n\t\t\t<\/div>\n\t\t<\/div>\n\t\t<div class=\"qode-ni-content\">\n            \t\t\t\n<h5 itemprop=\"name\" class=\"entry-title qode-post-title\">\n    <a itemprop=\"url\" href=\"https:\/\/www.txantxangorri.info\/es\/12-ultras-benat-garcia-fibromialgia\/\" title=\"Los 12 ultras de Be\u00f1at Garc\u00eda por los enfermos de fibromialgia\">\n        Los 12 ultras de Be\u00f1at Garc\u00eda por los enfermos de fibromialgia    <\/a>\n<\/h5>\t\t\t\t<div itemprop=\"dateCreated\" class=\"qode-post-info-date entry-date published updated\">\n\t    \t        <a itemprop=\"url\" href=\"https:\/\/www.txantxangorri.info\/es\/2026\/03\/\">\n\t            <i class=\"dripicons-alarm\"><\/i>\n    \t2 meses hace        <\/a>\n\t    <meta itemprop=\"interactionCount\" content=\"UserComments: 0\"\/>\n\t<\/div>\n\t\t\t\t\t\t\t\t<\/div>\n\t<\/div>\n<\/div><\/div><\/div>[vc_empty_space height=\u00bb50px\u00bb][\/vc_column_inner][\/vc_row_inner][\/vc_column][vc_column offset=\u00bbvc_col-lg-offset-0 vc_col-lg-3 vc_col-md-offset-0 vc_col-md-12 vc_col-sm-offset-0 vc_col-xs-12&#8243;][vc_widget_sidebar sidebar_id=\u00bbTwitter\u00bb][\/vc_column][\/vc_row]<\/p>\n<\/div>","protected":false},"excerpt":{"rendered":"<p>[vc_row css_animation=\u00bb\u00bb row_type=\u00bbrow\u00bb use_row_as_full_screen_section=\u00bbno\u00bb type=\u00bbfull_width\u00bb angled_section=\u00bbno\u00bb text_align=\u00bbleft\u00bb background_image_as_pattern=\u00bbwithout_pattern\u00bb][vc_column][\/vc_column][\/vc_row][vc_row css_animation=\u00bb\u00bb row_type=\u00bbrow\u00bb use_row_as_full_screen_section=\u00bbno\u00bb type=\u00bbgrid\u00bb angled_section=\u00bbno\u00bb text_align=\u00bbleft\u00bb background_image_as_pattern=\u00bbwithout_pattern\u00bb css=\u00bb.vc_custom_1503487546160{padding-top: 70px !important;padding-bottom: 50px !important;}\u00bb][vc_column][\/vc_column][\/vc_row][vc_row css_animation=\u00bb\u00bb row_type=\u00bbrow\u00bb use_row_as_full_screen_section=\u00bbno\u00bb type=\u00bbgrid\u00bb angled_section=\u00bbno\u00bb text_align=\u00bbleft\u00bb background_image_as_pattern=\u00bbwithout_pattern\u00bb][vc_column offset=\u00bbvc_col-lg-offset-0 vc_col-lg-2 vc_col-md-offset-0 vc_col-md-2 vc_col-sm-offset-0&#8243;][vc_widget_sidebar sidebar_id=\u00bbHottest Stuff\u00bb][\/vc_column][vc_column offset=\u00bbvc_col-lg-7 vc_col-md-offset-0 vc_col-md-7&#8243;][vc_empty_space height=\u00bb33px\u00bb][vc_empty_space height=\u00bb40px\u00bb][vc_single_image image=\u00bb6736&#8243; img_size=\u00bbfull\u00bb alignment=\u00bbcenter\u00bb style=\u00bbvc_box_border\u00bb border_color=\u00bbblack\u00bb onclick=\u00bbcustom_link\u00bb&#8230;<\/p>\n","protected":false},"author":2,"featured_media":0,"parent":0,"menu_order":0,"comment_status":"closed","ping_status":"closed","template":"full_width.php","meta":{"footnotes":""},"class_list":["post-6738","page","type-page","status-publish","hentry"],"_links":{"self":[{"href":"https:\/\/www.txantxangorri.info\/es\/wp-json\/wp\/v2\/pages\/6738","targetHints":{"allow":["GET"]}}],"collection":[{"href":"https:\/\/www.txantxangorri.info\/es\/wp-json\/wp\/v2\/pages"}],"about":[{"href":"https:\/\/www.txantxangorri.info\/es\/wp-json\/wp\/v2\/types\/page"}],"author":[{"embeddable":true,"href":"https:\/\/www.txantxangorri.info\/es\/wp-json\/wp\/v2\/users\/2"}],"replies":[{"embeddable":true,"href":"https:\/\/www.txantxangorri.info\/es\/wp-json\/wp\/v2\/comments?post=6738"}],"version-history":[{"count":2,"href":"https:\/\/www.txantxangorri.info\/es\/wp-json\/wp\/v2\/pages\/6738\/revisions"}],"predecessor-version":[{"id":6741,"href":"https:\/\/www.txantxangorri.info\/es\/wp-json\/wp\/v2\/pages\/6738\/revisions\/6741"}],"wp:attachment":[{"href":"https:\/\/www.txantxangorri.info\/es\/wp-json\/wp\/v2\/media?parent=6738"}],"curies":[{"name":"wp","href":"https:\/\/api.w.org\/{rel}","templated":true}]}}