{"id":2300,"date":"2020-11-23T13:00:48","date_gmt":"2020-11-23T12:00:48","guid":{"rendered":"https:\/\/www.txantxangorri.info\/?page_id=2300"},"modified":"2024-09-12T15:49:45","modified_gmt":"2024-09-12T14:49:45","slug":"deportes","status":"publish","type":"page","link":"https:\/\/www.txantxangorri.info\/es\/deportes\/","title":{"rendered":"Deportes"},"content":{"rendered":"<div class=\"wpb-content-wrapper\"><p>[vc_row css_animation=\u00bb\u00bb row_type=\u00bbrow\u00bb use_row_as_full_screen_section=\u00bbno\u00bb type=\u00bbfull_width\u00bb angled_section=\u00bbno\u00bb text_align=\u00bbleft\u00bb background_image_as_pattern=\u00bbwithout_pattern\u00bb][vc_column]<div class=\"qode-news-holder qode-layout1 qode-news-columns-1 qode-nl-normal-space qode-center-alignment\"  data-post-status=publish data-category-name=kirolak data-ignore-sticky-posts=1 data-orderby=date data-posts-per-page=1 data-sort=latest data-paged=1 data-max-num-pages=62 data-next-page=2 data-title-tag=h2 data-image-size=portfolio-landscape data-display-categories=yes data-display-excerpt=yes data-excerpt-length=35 data-display-date=yes data-date-format=difference data-display-author=no data-display-share=no data-display-hot-trending-icons=no data-layout=qode_layout1><div class=\"qode-news-list-inner-holder\" data-number-of-items=\"1\"><div class=\"qode-news-item qode-layout1-item\">\n\t\t<div class=\"qode-news-item-image-holder\">\n\t\t\t<div class=\"qode-post-image\">\n\t    <a itemprop=\"url\" href=\"https:\/\/www.txantxangorri.info\/es\/unai-etxeberria-piloto-carreras\/\" title=\"Unai Etxeberria: \u00abTanto ver y ver, ha llegado la hora de hacer algo\u00bb\">\n                        <img decoding=\"async\" width=\"800\" height=\"600\" src=\"https:\/\/www.txantxangorri.info\/wp-content\/uploads\/2026\/04\/TX159-Unai-800x600.jpg\" class=\"attachment-portfolio-landscape size-portfolio-landscape wp-post-image\" alt=\"Unai etxeberria bere kotxearekin\" title=\"\">            \t    <\/a>\n\t<\/div>\n        <div class=\"qode-news-image-info-holder-left\">\n\t\t\t        <\/div>\n        <div class=\"qode-news-image-info-holder-right\">\n\t\t\t\t\t<\/div>\n\t<\/div>\n    \t<div class=\"qode-ni-content\">\n        \t<div class=\"qode-post-info-category\">\n\t\t<a href=\"https:\/\/www.txantxangorri.info\/es\/.\/deportes\/\"><span class=\"qode-category-name\" >Deportes <\/span><\/a><a href=\"https:\/\/www.txantxangorri.info\/es\/.\/destacado\/\"><span class=\"qode-category-name\" >Destacado <\/span><\/a>\t<\/div>\n\t\t\n<h2 itemprop=\"name\" class=\"entry-title qode-post-title\">\n    <a itemprop=\"url\" href=\"https:\/\/www.txantxangorri.info\/es\/unai-etxeberria-piloto-carreras\/\" title=\"Unai Etxeberria: \u00abTanto ver y ver, ha llegado la hora de hacer algo\u00bb\">\n        Unai Etxeberria: \u00abTanto ver y ver, ha llegado la hora de hacer algo\u00bb    <\/a>\n<\/h2>\t\t\n\n        <div class=\"qode-post-excerpt-holder\">\n            Unai Etxeberria ha pasado de ser espectador de carreras de coches a ser piloto en apenas seis meses. A sus diecinueve a\u00f1os, nunca pens\u00f3 que iba a participar en ninguna carrera, pero la casualidad se        <\/div>\n\n\t\t\t\t<div itemprop=\"dateCreated\" class=\"qode-post-info-date entry-date published updated\">\n\t    \t        <a itemprop=\"url\" href=\"https:\/\/www.txantxangorri.info\/es\/2026\/04\/\">\n\t            <i class=\"dripicons-alarm\"><\/i>\n    \t2 semanas hace        <\/a>\n\t    <meta itemprop=\"interactionCount\" content=\"UserComments: 0\"\/>\n\t<\/div>\n        \t<\/div>\n<\/div><\/div><\/div>[vc_empty_space height=\u00bb25px\u00bb][\/vc_column][\/vc_row][vc_row css_animation=\u00bb\u00bb row_type=\u00bbrow\u00bb use_row_as_full_screen_section=\u00bbno\u00bb type=\u00bbfull_width\u00bb angled_section=\u00bbno\u00bb text_align=\u00bbleft\u00bb background_image_as_pattern=\u00bbwithout_pattern\u00bb][vc_column]<div class=\"qode-news-holder qode-layout1 qode-news-pag-infinite-scroll qode-news-columns-3 qode-nl-normal-space qode-center-alignment\"  data-post-status=publish data-category-name=kirolak data-ignore-sticky-posts=1 data-orderby=date data-posts-per-page=6 data-sort=latest data-paged=1 data-offset=1 data-max-num-pages=11 data-next-page=2 data-title-tag=h3 data-image-size=portfolio-landscape data-display-categories=yes data-display-excerpt=no data-display-date=yes data-date-format=difference data-display-author=no data-display-share=no data-display-hot-trending-icons=no data-layout=qode_layout1><div class=\"qode-news-list-title-holder\"><h3 class=\"qode-news-layout-title\">Todas las noticias<\/h3><\/div><div class=\"qode-news-list-inner-holder\" data-number-of-items=\"3\"><div class=\"qode-news-item qode-layout1-item\">\n\t\t<div class=\"qode-news-item-image-holder\">\n\t\t\t<div class=\"qode-post-image\">\n\t    <a itemprop=\"url\" href=\"https:\/\/www.txantxangorri.info\/es\/12-ultras-benat-garcia-fibromialgia\/\" title=\"Los 12 ultras de Be\u00f1at Garc\u00eda por los enfermos de fibromialgia\">\n                        <img decoding=\"async\" width=\"800\" height=\"600\" src=\"https:\/\/www.txantxangorri.info\/wp-content\/uploads\/2026\/03\/TX158-Benat-Garcia-800x600.jpg\" class=\"attachment-portfolio-landscape size-portfolio-landscape wp-post-image\" alt=\"Be\u00f1at Garc\u00eda completar\u00e1 1.200 kil\u00f3metros corriendo para dar visibilidad a la fibromialgia, que afecta al 3% de las personas\" title=\"\">            \t    <\/a>\n\t<\/div>\n        <div class=\"qode-news-image-info-holder-left\">\n\t\t\t        <\/div>\n        <div class=\"qode-news-image-info-holder-right\">\n\t\t\t\t\t<\/div>\n\t<\/div>\n    \t<div class=\"qode-ni-content\">\n        \t<div class=\"qode-post-info-category\">\n\t\t<a href=\"https:\/\/www.txantxangorri.info\/es\/.\/deportes\/\"><span class=\"qode-category-name\" >Deportes <\/span><\/a>\t<\/div>\n\t\t\n<h3 itemprop=\"name\" class=\"entry-title qode-post-title\">\n    <a itemprop=\"url\" href=\"https:\/\/www.txantxangorri.info\/es\/12-ultras-benat-garcia-fibromialgia\/\" title=\"Los 12 ultras de Be\u00f1at Garc\u00eda por los enfermos de fibromialgia\">\n        Los 12 ultras de Be\u00f1at Garc\u00eda por los enfermos de fibromialgia    <\/a>\n<\/h3>\t\t\t\t\t<div itemprop=\"dateCreated\" class=\"qode-post-info-date entry-date published updated\">\n\t    \t        <a itemprop=\"url\" href=\"https:\/\/www.txantxangorri.info\/es\/2026\/03\/\">\n\t            <i class=\"dripicons-alarm\"><\/i>\n    \t2 meses hace        <\/a>\n\t    <meta itemprop=\"interactionCount\" content=\"UserComments: 0\"\/>\n\t<\/div>\n        \t<\/div>\n<\/div><div class=\"qode-news-item qode-layout1-item\">\n\t\t<div class=\"qode-news-item-image-holder\">\n\t\t\t<div class=\"qode-post-image\">\n\t    <a itemprop=\"url\" href=\"https:\/\/www.txantxangorri.info\/es\/ibon-onandia-buceo-discapacidad\/\" title=\"Ibon Onandia: \u00abQuiero demostrar que se pueden hacer muchas cosas, tambi\u00e9n con discapacidad\u00bb\">\n                        <img decoding=\"async\" width=\"800\" height=\"600\" src=\"https:\/\/www.txantxangorri.info\/wp-content\/uploads\/2025\/11\/TX154_Ibon-Onandia2-800x600.jpg\" class=\"attachment-portfolio-landscape size-portfolio-landscape wp-post-image\" alt=\"Ibon Onandia durate una de las inmersiones.\" title=\"\">            \t    <\/a>\n\t<\/div>\n        <div class=\"qode-news-image-info-holder-left\">\n\t\t\t        <\/div>\n        <div class=\"qode-news-image-info-holder-right\">\n\t\t\t\t\t<\/div>\n\t<\/div>\n    \t<div class=\"qode-ni-content\">\n        \t<div class=\"qode-post-info-category\">\n\t\t<a href=\"https:\/\/www.txantxangorri.info\/es\/.\/deportes\/\"><span class=\"qode-category-name\" >Deportes <\/span><\/a><a href=\"https:\/\/www.txantxangorri.info\/es\/.\/destacado\/\"><span class=\"qode-category-name\" >Destacado <\/span><\/a>\t<\/div>\n\t\t\n<h3 itemprop=\"name\" class=\"entry-title qode-post-title\">\n    <a itemprop=\"url\" href=\"https:\/\/www.txantxangorri.info\/es\/ibon-onandia-buceo-discapacidad\/\" title=\"Ibon Onandia: \u00abQuiero demostrar que se pueden hacer muchas cosas, tambi\u00e9n con discapacidad\u00bb\">\n        Ibon Onandia: \u00abQuiero demostrar que se pueden hacer muchas cosas, tambi\u00e9n con discapacidad\u00bb    <\/a>\n<\/h3>\t\t\t\t\t<div itemprop=\"dateCreated\" class=\"qode-post-info-date entry-date published updated\">\n\t    \t        <a itemprop=\"url\" href=\"https:\/\/www.txantxangorri.info\/es\/2025\/11\/\">\n\t            <i class=\"dripicons-alarm\"><\/i>\n    \t6 meses hace        <\/a>\n\t    <meta itemprop=\"interactionCount\" content=\"UserComments: 0\"\/>\n\t<\/div>\n        \t<\/div>\n<\/div><div class=\"qode-news-item qode-layout1-item\">\n\t\t<div class=\"qode-news-item-image-holder\">\n\t\t\t<div class=\"qode-post-image\">\n\t    <a itemprop=\"url\" href=\"https:\/\/www.txantxangorri.info\/es\/final-rebote-zubieta-enrique-abril\/\" title=\"Zubieta 2 y Luzean disputar\u00e1n la gran final de la 62\u00aa edici\u00f3n del Campeonato de Rebote Enrique Abril\">\n                        <img decoding=\"async\" width=\"800\" height=\"600\" src=\"https:\/\/www.txantxangorri.info\/wp-content\/uploads\/2025\/10\/Enrique-abril_Gipuzkoapilota-800x600.jpg\" class=\"attachment-portfolio-landscape size-portfolio-landscape wp-post-image\" alt=\"Final Campeonato Rebote Enrique Abril Zubieta 2-Luzean | Enrique Abril Errebote Txapelketaren Finala Zubieta 2-Luzean\" title=\"\">            \t    <\/a>\n\t<\/div>\n        <div class=\"qode-news-image-info-holder-left\">\n\t\t\t        <\/div>\n        <div class=\"qode-news-image-info-holder-right\">\n\t\t\t\t\t<\/div>\n\t<\/div>\n    \t<div class=\"qode-ni-content\">\n        \t<div class=\"qode-post-info-category\">\n\t\t<a href=\"https:\/\/www.txantxangorri.info\/es\/.\/deportes\/\"><span class=\"qode-category-name\" >Deportes <\/span><\/a><a href=\"https:\/\/www.txantxangorri.info\/es\/.\/destacado\/\"><span class=\"qode-category-name\" >Destacado <\/span><\/a>\t<\/div>\n\t\t\n<h3 itemprop=\"name\" class=\"entry-title qode-post-title\">\n    <a itemprop=\"url\" href=\"https:\/\/www.txantxangorri.info\/es\/final-rebote-zubieta-enrique-abril\/\" title=\"Zubieta 2 y Luzean disputar\u00e1n la gran final de la 62\u00aa edici\u00f3n del Campeonato de Rebote Enrique Abril\">\n        Zubieta 2 y Luzean disputar\u00e1n la gran final de la 62\u00aa edici\u00f3n del Campeonato de Rebote Enrique Abril    <\/a>\n<\/h3>\t\t\t\t\t<div itemprop=\"dateCreated\" class=\"qode-post-info-date entry-date published updated\">\n\t    \t        <a itemprop=\"url\" href=\"https:\/\/www.txantxangorri.info\/es\/2025\/10\/\">\n\t            <i class=\"dripicons-alarm\"><\/i>\n    \t6 meses hace        <\/a>\n\t    <meta itemprop=\"interactionCount\" content=\"UserComments: 0\"\/>\n\t<\/div>\n        \t<\/div>\n<\/div><div class=\"qode-news-item qode-layout1-item\">\n\t\t<div class=\"qode-news-item-image-holder\">\n\t\t\t<div class=\"qode-post-image\">\n\t    <a itemprop=\"url\" href=\"https:\/\/www.txantxangorri.info\/es\/correr-por-solidaridad\/\" title=\"Correr por solidaridad\">\n                        <img decoding=\"async\" width=\"800\" height=\"600\" src=\"https:\/\/www.txantxangorri.info\/wp-content\/uploads\/2025\/10\/TX153_Wop-challenge-erbi-ameslariak-800x600.jpg\" class=\"attachment-portfolio-landscape size-portfolio-landscape wp-post-image\" alt=\"Correr por solidaridad. Las integrantes de Erbi Ameslariak en la carrera solidaria WOP Challenge.\" title=\"\">            \t    <\/a>\n\t<\/div>\n        <div class=\"qode-news-image-info-holder-left\">\n\t\t\t        <\/div>\n        <div class=\"qode-news-image-info-holder-right\">\n\t\t\t\t\t<\/div>\n\t<\/div>\n    \t<div class=\"qode-ni-content\">\n        \t<div class=\"qode-post-info-category\">\n\t\t<a href=\"https:\/\/www.txantxangorri.info\/es\/.\/deportes\/\"><span class=\"qode-category-name\" >Deportes <\/span><\/a><a href=\"https:\/\/www.txantxangorri.info\/es\/.\/destacado\/\"><span class=\"qode-category-name\" >Destacado <\/span><\/a>\t<\/div>\n\t\t\n<h3 itemprop=\"name\" class=\"entry-title qode-post-title\">\n    <a itemprop=\"url\" href=\"https:\/\/www.txantxangorri.info\/es\/correr-por-solidaridad\/\" title=\"Correr por solidaridad\">\n        Correr por solidaridad    <\/a>\n<\/h3>\t\t\t\t\t<div itemprop=\"dateCreated\" class=\"qode-post-info-date entry-date published updated\">\n\t    \t        <a itemprop=\"url\" href=\"https:\/\/www.txantxangorri.info\/es\/2025\/10\/\">\n\t            <i class=\"dripicons-alarm\"><\/i>\n    \t7 meses hace        <\/a>\n\t    <meta itemprop=\"interactionCount\" content=\"UserComments: 0\"\/>\n\t<\/div>\n        \t<\/div>\n<\/div><div class=\"qode-news-item qode-layout1-item\">\n\t\t<div class=\"qode-news-item-image-holder\">\n\t\t\t<div class=\"qode-post-image\">\n\t    <a itemprop=\"url\" href=\"https:\/\/www.txantxangorri.info\/es\/xv-campeonato-de-voley-playa-de-tolosa\/\" title=\"El XV Campeonato de Voley Playa de Tolosa se jugar\u00e1 del 2 al 6 de septiembre\">\n                        <img decoding=\"async\" width=\"800\" height=\"600\" src=\"https:\/\/www.txantxangorri.info\/wp-content\/uploads\/2023\/09\/Tolobolei-2023-2-800x600.jpg\" class=\"attachment-portfolio-landscape size-portfolio-landscape wp-post-image\" alt=\"Toloboleiren Hondartza Bolei Txapelketa | Campeonato de Voley Playa de Tolobolei.\" title=\"\">            \t    <\/a>\n\t<\/div>\n        <div class=\"qode-news-image-info-holder-left\">\n\t\t\t        <\/div>\n        <div class=\"qode-news-image-info-holder-right\">\n\t\t\t\t\t<\/div>\n\t<\/div>\n    \t<div class=\"qode-ni-content\">\n        \t<div class=\"qode-post-info-category\">\n\t\t<a href=\"https:\/\/www.txantxangorri.info\/es\/.\/deportes\/\"><span class=\"qode-category-name\" >Deportes <\/span><\/a><a href=\"https:\/\/www.txantxangorri.info\/es\/.\/destacado\/\"><span class=\"qode-category-name\" >Destacado <\/span><\/a>\t<\/div>\n\t\t\n<h3 itemprop=\"name\" class=\"entry-title qode-post-title\">\n    <a itemprop=\"url\" href=\"https:\/\/www.txantxangorri.info\/es\/xv-campeonato-de-voley-playa-de-tolosa\/\" title=\"El XV Campeonato de Voley Playa de Tolosa se jugar\u00e1 del 2 al 6 de septiembre\">\n        El XV Campeonato de Voley Playa de Tolosa se jugar\u00e1 del 2 al 6 de septiembre    <\/a>\n<\/h3>\t\t\t\t\t<div itemprop=\"dateCreated\" class=\"qode-post-info-date entry-date published updated\">\n\t    \t        <a itemprop=\"url\" href=\"https:\/\/www.txantxangorri.info\/es\/2025\/08\/\">\n\t            <i class=\"dripicons-alarm\"><\/i>\n    \t8 meses hace        <\/a>\n\t    <meta itemprop=\"interactionCount\" content=\"UserComments: 0\"\/>\n\t<\/div>\n        \t<\/div>\n<\/div><div class=\"qode-news-item qode-layout1-item\">\n\t\t<div class=\"qode-news-item-image-holder\">\n\t\t\t<div class=\"qode-post-image\">\n\t    <a itemprop=\"url\" href=\"https:\/\/www.txantxangorri.info\/es\/barriga-juniors-campeona-belauntza-cup\/\" title=\"Barriga Juniors Campeona de la Belauntza Cup\">\n                        <img decoding=\"async\" width=\"800\" height=\"600\" src=\"https:\/\/www.txantxangorri.info\/wp-content\/uploads\/2025\/08\/Belauntza-cup-2025-Barriga-Juniors-800x600.jpg\" class=\"attachment-portfolio-landscape size-portfolio-landscape wp-post-image\" alt=\"Barriga Juniors taldeak irabazi zuen Belauntza Cup\" title=\"\">            \t    <\/a>\n\t<\/div>\n        <div class=\"qode-news-image-info-holder-left\">\n\t\t\t        <\/div>\n        <div class=\"qode-news-image-info-holder-right\">\n\t\t\t\t\t<\/div>\n\t<\/div>\n    \t<div class=\"qode-ni-content\">\n        \t<div class=\"qode-post-info-category\">\n\t\t<a href=\"https:\/\/www.txantxangorri.info\/es\/.\/deportes\/\"><span class=\"qode-category-name\" >Deportes <\/span><\/a><a href=\"https:\/\/www.txantxangorri.info\/es\/.\/agenda-es\/\"><span class=\"qode-category-name\" >Agenda <\/span><\/a><a href=\"https:\/\/www.txantxangorri.info\/es\/.\/destacado\/\"><span class=\"qode-category-name\" >Destacado <\/span><\/a>\t<\/div>\n\t\t\n<h3 itemprop=\"name\" class=\"entry-title qode-post-title\">\n    <a itemprop=\"url\" href=\"https:\/\/www.txantxangorri.info\/es\/barriga-juniors-campeona-belauntza-cup\/\" title=\"Barriga Juniors Campeona de la Belauntza Cup\">\n        Barriga Juniors Campeona de la Belauntza Cup    <\/a>\n<\/h3>\t\t\t\t\t<div itemprop=\"dateCreated\" class=\"qode-post-info-date entry-date published updated\">\n\t    \t        <a itemprop=\"url\" href=\"https:\/\/www.txantxangorri.info\/es\/2025\/08\/\">\n\t            <i class=\"dripicons-alarm\"><\/i>\n    \t9 meses hace        <\/a>\n\t    <meta itemprop=\"interactionCount\" content=\"UserComments: 0\"\/>\n\t<\/div>\n        \t<\/div>\n<\/div><\/div>\t<div class=\"qode-news-pag-loading\">\n\t\t<div class=\"qode-news-pag-bounce1\"><\/div>\n\t\t<div class=\"qode-news-pag-bounce2\"><\/div>\n\t\t<div class=\"qode-news-pag-bounce3\"><\/div>\n\t<\/div>\n<\/div>[\/vc_column][\/vc_row]<\/p>\n<\/div>","protected":false},"excerpt":{"rendered":"<p>[vc_row css_animation=\u00bb\u00bb row_type=\u00bbrow\u00bb use_row_as_full_screen_section=\u00bbno\u00bb type=\u00bbfull_width\u00bb angled_section=\u00bbno\u00bb text_align=\u00bbleft\u00bb background_image_as_pattern=\u00bbwithout_pattern\u00bb][vc_column][vc_empty_space height=\u00bb25px\u00bb][\/vc_column][\/vc_row][vc_row css_animation=\u00bb\u00bb row_type=\u00bbrow\u00bb use_row_as_full_screen_section=\u00bbno\u00bb type=\u00bbfull_width\u00bb angled_section=\u00bbno\u00bb text_align=\u00bbleft\u00bb background_image_as_pattern=\u00bbwithout_pattern\u00bb][vc_column][\/vc_column][\/vc_row]<\/p>\n","protected":false},"author":1,"featured_media":0,"parent":0,"menu_order":0,"comment_status":"closed","ping_status":"closed","template":"","meta":{"footnotes":""},"class_list":["post-2300","page","type-page","status-publish","hentry"],"_links":{"self":[{"href":"https:\/\/www.txantxangorri.info\/es\/wp-json\/wp\/v2\/pages\/2300","targetHints":{"allow":["GET"]}}],"collection":[{"href":"https:\/\/www.txantxangorri.info\/es\/wp-json\/wp\/v2\/pages"}],"about":[{"href":"https:\/\/www.txantxangorri.info\/es\/wp-json\/wp\/v2\/types\/page"}],"author":[{"embeddable":true,"href":"https:\/\/www.txantxangorri.info\/es\/wp-json\/wp\/v2\/users\/1"}],"replies":[{"embeddable":true,"href":"https:\/\/www.txantxangorri.info\/es\/wp-json\/wp\/v2\/comments?post=2300"}],"version-history":[{"count":2,"href":"https:\/\/www.txantxangorri.info\/es\/wp-json\/wp\/v2\/pages\/2300\/revisions"}],"predecessor-version":[{"id":5287,"href":"https:\/\/www.txantxangorri.info\/es\/wp-json\/wp\/v2\/pages\/2300\/revisions\/5287"}],"wp:attachment":[{"href":"https:\/\/www.txantxangorri.info\/es\/wp-json\/wp\/v2\/media?parent=2300"}],"curies":[{"name":"wp","href":"https:\/\/api.w.org\/{rel}","templated":true}]}}